{"id":10,"date":"2026-03-10T15:37:07","date_gmt":"2026-03-10T15:37:07","guid":{"rendered":"https:\/\/lareservedepierrevert.fr\/?page_id=10"},"modified":"2026-03-30T23:07:31","modified_gmt":"2026-03-30T23:07:31","slug":"gite-1-la-vigie-des-etoiles","status":"publish","type":"page","link":"https:\/\/lareservedepierrevert.fr\/index.php\/gite-1-la-vigie-des-etoiles\/","title":{"rendered":"G\u00eete 1 \u2013 La Vigie des Etoiles"},"content":{"rendered":"\n<div class=\"wp-block-group alignfull has-accent-background-color has-background is-vertical is-layout-flex wp-container-core-group-is-layout-cfd0328e wp-block-group-is-layout-flex\" style=\"margin-top:0;margin-bottom:0;padding-top:var(--wp--preset--spacing--40);padding-right:var(--wp--preset--spacing--20);padding-bottom:var(--wp--preset--spacing--40);padding-left:var(--wp--preset--spacing--20)\">\n<div class=\"wp-block-columns alignwide is-layout-flex wp-container-core-columns-is-layout-1da03c2a wp-block-columns-is-layout-flex\">\n<div class=\"wp-block-column is-vertically-aligned-stretch is-layout-flow wp-block-column-is-layout-flow\" style=\"flex-basis:50%\">\n<div class=\"wp-block-group has-body-font-family is-vertical is-content-justification-center is-layout-flex wp-container-core-group-is-layout-7128f10e wp-block-group-is-layout-flex\" style=\"min-height:100%\">\n<p class=\"has-body-font-family has-medium-font-size\" style=\"line-height:1.2\">Nich\u00e9 au c\u0153ur du Domaine de la R\u00e9serve, ce g\u00eete d\u2019exception vous accueille dans un cadre authentique et pr\u00e9serv\u00e9, adoss\u00e9 \u00e0 une b\u00e2tisse du XVIII\u1d49 si\u00e8cle enti\u00e8rement restaur\u00e9e. Le domaine se compose de trois autres g\u00eetes, d\u2019une maison principale, de deux piscines et d\u2019un vaste parc arbor\u00e9, offrant une atmosph\u00e8re paisible et exclusive. Vous profiterez d\u2019un espace ext\u00e9rieur privatif de 200 m\u00b2, id\u00e9al pour savourer la douceur proven\u00e7ale en toute tranquillit\u00e9. La piscine, partag\u00e9e avec les trois g\u00eetes du domaine, offre un lieu de d\u00e9tente privil\u00e9gi\u00e9 avec une vue imprenable sur le massif du Verdon. Ce g\u00eete a \u00e9t\u00e9 pens\u00e9 pour offrir confort, \u00e9l\u00e9gance et s\u00e9r\u00e9nit\u00e9, dans un environnement naturel d\u2019exception o\u00f9 chaque d\u00e9tail invite au l\u00e2cher-prise.<\/p>\n<\/div>\n<\/div>\n\n\n\n<div class=\"wp-block-column is-vertically-aligned-center is-layout-flow wp-block-column-is-layout-flow\" style=\"flex-basis:50%\">\n<figure class=\"wp-block-image size-large is-style-rounded is-style-rounded--1\"><img loading=\"lazy\" decoding=\"async\" width=\"1024\" height=\"683\" src=\"https:\/\/lareservedepierrevert.fr\/wp-content\/uploads\/2026\/03\/VIVEZ-DRONE-18-1024x683.jpg\" alt=\"\" class=\"wp-image-93\" style=\"aspect-ratio:16\/9;object-fit:cover\" srcset=\"https:\/\/lareservedepierrevert.fr\/wp-content\/uploads\/2026\/03\/VIVEZ-DRONE-18-1024x683.jpg 1024w, https:\/\/lareservedepierrevert.fr\/wp-content\/uploads\/2026\/03\/VIVEZ-DRONE-18-300x200.jpg 300w, https:\/\/lareservedepierrevert.fr\/wp-content\/uploads\/2026\/03\/VIVEZ-DRONE-18-768x512.jpg 768w, https:\/\/lareservedepierrevert.fr\/wp-content\/uploads\/2026\/03\/VIVEZ-DRONE-18-1536x1024.jpg 1536w\" sizes=\"auto, (max-width: 1024px) 100vw, 1024px\" \/><\/figure>\n<\/div>\n<\/div>\n\n\n\n<div class=\"wp-block-columns is-layout-flex wp-container-core-columns-is-layout-28f84493 wp-block-columns-is-layout-flex\">\n<div class=\"wp-block-column has-body-font-family is-layout-flow wp-block-column-is-layout-flow\">\n<hr class=\"wp-block-separator has-alpha-channel-opacity is-style-wide\"\/>\n\n\n\n<p>Ce gite est compos\u00e9 d&rsquo;un salon &#8211; Cuisine  &#8211; Espace repas puis de 2 chambres dont une avec sa salle de bain et son toilette s\u00e9par\u00e9 et d&rsquo;une 2\u00e8me salle de bain face \u00e0 la 2\u00e8me chambre. D&rsquo;un espace ext\u00e9rieur privatif non cl\u00f4tur\u00e9 de 200m2 avec une salon et un coin repas sous une tonnelle bioclimatique \u00e9clair\u00e9e.<\/p>\n<\/div>\n<\/div>\n<\/div>\n\n\n\n<div class=\"wp-block-group alignfull has-base-background-color has-background is-content-justification-space-between is-layout-flex wp-container-core-group-is-layout-ae7003ac wp-block-group-is-layout-flex\" style=\"margin-top:0;margin-bottom:0;padding-top:var(--wp--preset--spacing--30);padding-right:var(--wp--preset--spacing--20);padding-bottom:var(--wp--preset--spacing--30);padding-left:var(--wp--preset--spacing--20)\">\n<div class=\"wp-block-columns alignwide is-layout-flex wp-container-core-columns-is-layout-549b0c86 wp-block-columns-is-layout-flex\">\n<div class=\"wp-block-column is-vertically-aligned-center has-global-padding is-content-justification-center is-layout-constrained wp-container-core-column-is-layout-1b95a765 wp-block-column-is-layout-constrained\" style=\"padding-right:0;padding-left:0;flex-basis:50%\">\n<h2 class=\"wp-block-heading\">Le Salon<\/h2>\n\n\n\n<p>Equip\u00e9 d&rsquo;un t\u00e9l\u00e9vision avec une box pour visualiser plus de 300 chaines<\/p>\n\n\n\n<div style=\"height:29px\" aria-hidden=\"true\" class=\"wp-block-spacer\"><\/div>\n\n\n\n<figure class=\"wp-block-image size-full is-style-rounded is-style-rounded--2\"><img loading=\"lazy\" decoding=\"async\" width=\"2560\" height=\"1441\" src=\"https:\/\/lareservedepierrevert.fr\/wp-content\/uploads\/2026\/03\/Salon-Cuisine-20260211_113510-scaled.jpg\" alt=\"\" class=\"wp-image-90\" srcset=\"https:\/\/lareservedepierrevert.fr\/wp-content\/uploads\/2026\/03\/Salon-Cuisine-20260211_113510-scaled.jpg 2560w, https:\/\/lareservedepierrevert.fr\/wp-content\/uploads\/2026\/03\/Salon-Cuisine-20260211_113510-300x169.jpg 300w, https:\/\/lareservedepierrevert.fr\/wp-content\/uploads\/2026\/03\/Salon-Cuisine-20260211_113510-1024x577.jpg 1024w, https:\/\/lareservedepierrevert.fr\/wp-content\/uploads\/2026\/03\/Salon-Cuisine-20260211_113510-768x432.jpg 768w, https:\/\/lareservedepierrevert.fr\/wp-content\/uploads\/2026\/03\/Salon-Cuisine-20260211_113510-1536x865.jpg 1536w, https:\/\/lareservedepierrevert.fr\/wp-content\/uploads\/2026\/03\/Salon-Cuisine-20260211_113510-2048x1153.jpg 2048w\" sizes=\"auto, (max-width: 2560px) 100vw, 2560px\" \/><\/figure>\n<\/div>\n\n\n\n<div class=\"wp-block-column is-layout-flow wp-container-core-column-is-layout-119bc444 wp-block-column-is-layout-flow\" style=\"flex-basis:60%\">\n<div class=\"wp-block-columns is-layout-flex wp-container-core-columns-is-layout-87beb0d0 wp-block-columns-is-layout-flex\">\n<div class=\"wp-block-column is-layout-flow wp-block-column-is-layout-flow\">\n<figure class=\"wp-block-image size-large is-style-rounded is-style-rounded--3\"><img loading=\"lazy\" decoding=\"async\" width=\"1024\" height=\"683\" src=\"https:\/\/lareservedepierrevert.fr\/wp-content\/uploads\/2026\/03\/VIVEZ-DRONE-21-1024x683.jpg\" alt=\"\" class=\"wp-image-96\" style=\"aspect-ratio:4\/3;object-fit:cover\" srcset=\"https:\/\/lareservedepierrevert.fr\/wp-content\/uploads\/2026\/03\/VIVEZ-DRONE-21-1024x683.jpg 1024w, https:\/\/lareservedepierrevert.fr\/wp-content\/uploads\/2026\/03\/VIVEZ-DRONE-21-300x200.jpg 300w, https:\/\/lareservedepierrevert.fr\/wp-content\/uploads\/2026\/03\/VIVEZ-DRONE-21-768x512.jpg 768w, https:\/\/lareservedepierrevert.fr\/wp-content\/uploads\/2026\/03\/VIVEZ-DRONE-21-1536x1024.jpg 1536w, https:\/\/lareservedepierrevert.fr\/wp-content\/uploads\/2026\/03\/VIVEZ-DRONE-21-2048x1365.jpg 2048w\" sizes=\"auto, (max-width: 1024px) 100vw, 1024px\" \/><\/figure>\n\n\n\n<figure class=\"wp-block-image size-large is-style-rounded is-style-rounded--4\"><img loading=\"lazy\" decoding=\"async\" width=\"1024\" height=\"683\" src=\"https:\/\/lareservedepierrevert.fr\/wp-content\/uploads\/2026\/03\/VIVEZ-DRONE-20-1024x683.jpg\" alt=\"\" class=\"wp-image-95\" srcset=\"https:\/\/lareservedepierrevert.fr\/wp-content\/uploads\/2026\/03\/VIVEZ-DRONE-20-1024x683.jpg 1024w, https:\/\/lareservedepierrevert.fr\/wp-content\/uploads\/2026\/03\/VIVEZ-DRONE-20-300x200.jpg 300w, https:\/\/lareservedepierrevert.fr\/wp-content\/uploads\/2026\/03\/VIVEZ-DRONE-20-768x512.jpg 768w, https:\/\/lareservedepierrevert.fr\/wp-content\/uploads\/2026\/03\/VIVEZ-DRONE-20-1536x1024.jpg 1536w, https:\/\/lareservedepierrevert.fr\/wp-content\/uploads\/2026\/03\/VIVEZ-DRONE-20-2048x1365.jpg 2048w\" sizes=\"auto, (max-width: 1024px) 100vw, 1024px\" \/><\/figure>\n<\/div>\n<\/div>\n<\/div>\n<\/div>\n<\/div>\n\n\n\n<div class=\"wp-block-group alignfull has-accent-5-background-color has-background has-global-padding is-layout-constrained wp-container-core-group-is-layout-1131737d wp-block-group-is-layout-constrained\" style=\"margin-top:0;margin-bottom:0;padding-top:var(--wp--preset--spacing--20);padding-right:var(--wp--preset--spacing--20);padding-bottom:var(--wp--preset--spacing--20);padding-left:var(--wp--preset--spacing--20)\">\n<div class=\"wp-block-columns alignwide is-layout-flex wp-container-core-columns-is-layout-1da03c2a wp-block-columns-is-layout-flex\">\n<div class=\"wp-block-column is-layout-flow wp-block-column-is-layout-flow\" style=\"flex-basis:40%\">\n<h2 class=\"wp-block-heading\">L&rsquo;espace repas<\/h2>\n\n\n\n<p>Equip\u00e9 pour recevoir 4 personnes<\/p>\n\n\n\n<figure class=\"wp-block-image size-full is-style-rounded is-style-rounded--5\"><img loading=\"lazy\" decoding=\"async\" width=\"1441\" height=\"2560\" src=\"https:\/\/lareservedepierrevert.fr\/wp-content\/uploads\/2026\/03\/Gite-1-Repas-20260211-1-scaled.jpg\" alt=\"\" class=\"wp-image-357\" style=\"object-fit:contain\" srcset=\"https:\/\/lareservedepierrevert.fr\/wp-content\/uploads\/2026\/03\/Gite-1-Repas-20260211-1-scaled.jpg 1441w, https:\/\/lareservedepierrevert.fr\/wp-content\/uploads\/2026\/03\/Gite-1-Repas-20260211-1-169x300.jpg 169w, https:\/\/lareservedepierrevert.fr\/wp-content\/uploads\/2026\/03\/Gite-1-Repas-20260211-1-577x1024.jpg 577w, https:\/\/lareservedepierrevert.fr\/wp-content\/uploads\/2026\/03\/Gite-1-Repas-20260211-1-768x1364.jpg 768w, https:\/\/lareservedepierrevert.fr\/wp-content\/uploads\/2026\/03\/Gite-1-Repas-20260211-1-865x1536.jpg 865w, https:\/\/lareservedepierrevert.fr\/wp-content\/uploads\/2026\/03\/Gite-1-Repas-20260211-1-1153x2048.jpg 1153w\" sizes=\"auto, (max-width: 1441px) 100vw, 1441px\" \/><\/figure>\n<\/div>\n\n\n\n<div class=\"wp-block-column is-vertically-aligned-center is-layout-flow wp-block-column-is-layout-flow\" style=\"flex-basis:60%\">\n<figure class=\"wp-block-image size-full is-style-rounded wp-duotone-unset-7 is-style-rounded--6\" style=\"margin-top:0;margin-bottom:0\"><img loading=\"lazy\" decoding=\"async\" width=\"2560\" height=\"1441\" src=\"https:\/\/lareservedepierrevert.fr\/wp-content\/uploads\/2026\/03\/Salon-Cuisine-20260211_113438-scaled.jpg\" alt=\"\" class=\"wp-image-88\" srcset=\"https:\/\/lareservedepierrevert.fr\/wp-content\/uploads\/2026\/03\/Salon-Cuisine-20260211_113438-scaled.jpg 2560w, https:\/\/lareservedepierrevert.fr\/wp-content\/uploads\/2026\/03\/Salon-Cuisine-20260211_113438-300x169.jpg 300w, https:\/\/lareservedepierrevert.fr\/wp-content\/uploads\/2026\/03\/Salon-Cuisine-20260211_113438-1024x577.jpg 1024w, https:\/\/lareservedepierrevert.fr\/wp-content\/uploads\/2026\/03\/Salon-Cuisine-20260211_113438-768x432.jpg 768w, https:\/\/lareservedepierrevert.fr\/wp-content\/uploads\/2026\/03\/Salon-Cuisine-20260211_113438-1536x865.jpg 1536w, https:\/\/lareservedepierrevert.fr\/wp-content\/uploads\/2026\/03\/Salon-Cuisine-20260211_113438-2048x1153.jpg 2048w\" sizes=\"auto, (max-width: 2560px) 100vw, 2560px\" \/><\/figure>\n\n\n\n<h2 class=\"wp-block-heading\">La Cuisine<\/h2>\n\n\n\n<p>Enti\u00e8rement \u00e9quip\u00e9e, Lave vaisselle, lave linge, Frigidaire, cong\u00e9lateur, four, micro-onde, Cafeti\u00e8re Nespresso, Bouloire&#8230;<\/p>\n<\/div>\n<\/div>\n<\/div>\n\n\n\n<div class=\"wp-block-group alignfull has-base-2-background-color has-background is-nowrap is-layout-flex wp-container-core-group-is-layout-b202a3ab wp-block-group-is-layout-flex\" style=\"margin-top:0;margin-bottom:0;padding-top:var(--wp--preset--spacing--30);padding-right:var(--wp--preset--spacing--10);padding-bottom:var(--wp--preset--spacing--30);padding-left:var(--wp--preset--spacing--10)\">\n<div class=\"wp-block-columns alignwide is-layout-flex wp-container-core-columns-is-layout-643ced6b wp-block-columns-is-layout-flex\">\n<div class=\"wp-block-column is-layout-flow wp-block-column-is-layout-flow\" style=\"flex-basis:100%\">\n<h2 class=\"wp-block-heading\">La 1\u00e8re Chambre<\/h2>\n\n\n\n<p>Salle de bain et toilette s\u00e9par\u00e9<\/p>\n\n\n\n<figure class=\"wp-block-image size-full is-style-rounded wp-duotone-unset-9 is-style-rounded--8\" style=\"margin-top:0;margin-bottom:0\"><img loading=\"lazy\" decoding=\"async\" width=\"2560\" height=\"1707\" src=\"https:\/\/lareservedepierrevert.fr\/wp-content\/uploads\/2026\/03\/Chambre-1-1-scaled.jpg\" alt=\"\" class=\"wp-image-358\" srcset=\"https:\/\/lareservedepierrevert.fr\/wp-content\/uploads\/2026\/03\/Chambre-1-1-scaled.jpg 2560w, https:\/\/lareservedepierrevert.fr\/wp-content\/uploads\/2026\/03\/Chambre-1-1-300x200.jpg 300w, https:\/\/lareservedepierrevert.fr\/wp-content\/uploads\/2026\/03\/Chambre-1-1-1024x683.jpg 1024w, https:\/\/lareservedepierrevert.fr\/wp-content\/uploads\/2026\/03\/Chambre-1-1-768x512.jpg 768w, https:\/\/lareservedepierrevert.fr\/wp-content\/uploads\/2026\/03\/Chambre-1-1-1536x1024.jpg 1536w, https:\/\/lareservedepierrevert.fr\/wp-content\/uploads\/2026\/03\/Chambre-1-1-2048x1365.jpg 2048w\" sizes=\"auto, (max-width: 2560px) 100vw, 2560px\" \/><\/figure>\n<\/div>\n\n\n\n<div class=\"wp-block-column is-vertically-aligned-center is-layout-flow wp-block-column-is-layout-flow\" style=\"padding-top:var(--wp--preset--spacing--10);padding-right:0;padding-bottom:var(--wp--preset--spacing--10);padding-left:0;flex-basis:100%\">\n<figure class=\"wp-block-gallery has-nested-images columns-default is-cropped wp-block-gallery-12 is-layout-flex wp-block-gallery-is-layout-flex\">\n<figure class=\"wp-block-image size-large is-style-rounded is-style-rounded--10\"><img loading=\"lazy\" decoding=\"async\" width=\"577\" height=\"1024\" data-id=\"360\" src=\"https:\/\/lareservedepierrevert.fr\/wp-content\/uploads\/2026\/03\/Chambre-1-Salle-de-bain-20260211-577x1024.jpg\" alt=\"\" class=\"wp-image-360\" srcset=\"https:\/\/lareservedepierrevert.fr\/wp-content\/uploads\/2026\/03\/Chambre-1-Salle-de-bain-20260211-577x1024.jpg 577w, https:\/\/lareservedepierrevert.fr\/wp-content\/uploads\/2026\/03\/Chambre-1-Salle-de-bain-20260211-169x300.jpg 169w, https:\/\/lareservedepierrevert.fr\/wp-content\/uploads\/2026\/03\/Chambre-1-Salle-de-bain-20260211-768x1364.jpg 768w, https:\/\/lareservedepierrevert.fr\/wp-content\/uploads\/2026\/03\/Chambre-1-Salle-de-bain-20260211-865x1536.jpg 865w, https:\/\/lareservedepierrevert.fr\/wp-content\/uploads\/2026\/03\/Chambre-1-Salle-de-bain-20260211-1153x2048.jpg 1153w, https:\/\/lareservedepierrevert.fr\/wp-content\/uploads\/2026\/03\/Chambre-1-Salle-de-bain-20260211-scaled.jpg 1441w\" sizes=\"auto, (max-width: 577px) 100vw, 577px\" \/><\/figure>\n\n\n\n<figure class=\"wp-block-image size-large is-style-rounded is-style-rounded--11\"><img loading=\"lazy\" decoding=\"async\" width=\"577\" height=\"1024\" data-id=\"501\" src=\"https:\/\/lareservedepierrevert.fr\/wp-content\/uploads\/2026\/03\/Gite-1-Chambre-1-Toilette-20260211-577x1024.jpg\" alt=\"\" class=\"wp-image-501\" srcset=\"https:\/\/lareservedepierrevert.fr\/wp-content\/uploads\/2026\/03\/Gite-1-Chambre-1-Toilette-20260211-577x1024.jpg 577w, https:\/\/lareservedepierrevert.fr\/wp-content\/uploads\/2026\/03\/Gite-1-Chambre-1-Toilette-20260211-169x300.jpg 169w, https:\/\/lareservedepierrevert.fr\/wp-content\/uploads\/2026\/03\/Gite-1-Chambre-1-Toilette-20260211-768x1364.jpg 768w, https:\/\/lareservedepierrevert.fr\/wp-content\/uploads\/2026\/03\/Gite-1-Chambre-1-Toilette-20260211-865x1536.jpg 865w, https:\/\/lareservedepierrevert.fr\/wp-content\/uploads\/2026\/03\/Gite-1-Chambre-1-Toilette-20260211-1153x2048.jpg 1153w, https:\/\/lareservedepierrevert.fr\/wp-content\/uploads\/2026\/03\/Gite-1-Chambre-1-Toilette-20260211-scaled.jpg 1441w\" sizes=\"auto, (max-width: 577px) 100vw, 577px\" \/><\/figure>\n<\/figure>\n<\/div>\n<\/div>\n<\/div>\n\n\n\n<div class=\"wp-block-group alignfull has-accent-background-color has-background has-global-padding is-layout-constrained wp-container-core-group-is-layout-1745ef46 wp-block-group-is-layout-constrained\" style=\"margin-top:0;margin-bottom:0;padding-top:var(--wp--preset--spacing--40);padding-right:var(--wp--preset--spacing--10);padding-bottom:var(--wp--preset--spacing--40);padding-left:var(--wp--preset--spacing--10)\">\n<div class=\"wp-block-columns alignwide is-layout-flex wp-container-core-columns-is-layout-1da03c2a wp-block-columns-is-layout-flex\">\n<div class=\"wp-block-column is-layout-flow wp-block-column-is-layout-flow\" style=\"flex-basis:40%\">\n<h2 class=\"wp-block-heading\">La 2\u00e8me Chambre<\/h2>\n\n\n\n<p>Avec une salle de bain et un toilette qui se trouve dans le couloir juste en face la porte de cette chambre<\/p>\n\n\n\n<figure class=\"wp-block-gallery has-nested-images columns-default is-cropped wp-block-gallery-15 is-layout-flex wp-block-gallery-is-layout-flex\">\n<figure class=\"wp-block-image size-large is-style-rounded is-style-rounded--13\"><img loading=\"lazy\" decoding=\"async\" width=\"768\" height=\"1024\" data-id=\"368\" src=\"https:\/\/lareservedepierrevert.fr\/wp-content\/uploads\/2026\/03\/Salle-bainWC-768x1024.jpg\" alt=\"\" class=\"wp-image-368\" srcset=\"https:\/\/lareservedepierrevert.fr\/wp-content\/uploads\/2026\/03\/Salle-bainWC-768x1024.jpg 768w, https:\/\/lareservedepierrevert.fr\/wp-content\/uploads\/2026\/03\/Salle-bainWC-225x300.jpg 225w, https:\/\/lareservedepierrevert.fr\/wp-content\/uploads\/2026\/03\/Salle-bainWC-1152x1536.jpg 1152w, https:\/\/lareservedepierrevert.fr\/wp-content\/uploads\/2026\/03\/Salle-bainWC-1536x2048.jpg 1536w, https:\/\/lareservedepierrevert.fr\/wp-content\/uploads\/2026\/03\/Salle-bainWC-scaled.jpg 1920w\" sizes=\"auto, (max-width: 768px) 100vw, 768px\" \/><\/figure>\n\n\n\n<figure class=\"wp-block-image size-large is-style-rounded is-style-rounded--14\"><img loading=\"lazy\" decoding=\"async\" width=\"1024\" height=\"577\" data-id=\"367\" src=\"https:\/\/lareservedepierrevert.fr\/wp-content\/uploads\/2026\/03\/Chambre-2-20260225_171957-1024x577.jpg\" alt=\"\" class=\"wp-image-367\" srcset=\"https:\/\/lareservedepierrevert.fr\/wp-content\/uploads\/2026\/03\/Chambre-2-20260225_171957-1024x577.jpg 1024w, https:\/\/lareservedepierrevert.fr\/wp-content\/uploads\/2026\/03\/Chambre-2-20260225_171957-300x169.jpg 300w, https:\/\/lareservedepierrevert.fr\/wp-content\/uploads\/2026\/03\/Chambre-2-20260225_171957-768x432.jpg 768w, https:\/\/lareservedepierrevert.fr\/wp-content\/uploads\/2026\/03\/Chambre-2-20260225_171957-1536x865.jpg 1536w, https:\/\/lareservedepierrevert.fr\/wp-content\/uploads\/2026\/03\/Chambre-2-20260225_171957-2048x1153.jpg 2048w\" sizes=\"auto, (max-width: 1024px) 100vw, 1024px\" \/><\/figure>\n<\/figure>\n<\/div>\n\n\n\n<div class=\"wp-block-column is-vertically-aligned-center is-layout-flow wp-block-column-is-layout-flow\" style=\"flex-basis:60%\">\n<figure class=\"wp-block-image size-full is-style-rounded wp-duotone-unset-17 is-style-rounded--16\" style=\"margin-top:0;margin-bottom:0\"><img loading=\"lazy\" decoding=\"async\" width=\"2560\" height=\"1441\" src=\"https:\/\/lareservedepierrevert.fr\/wp-content\/uploads\/2026\/03\/Chambre-2-20260225_181232-scaled.jpg\" alt=\"\" class=\"wp-image-366\" srcset=\"https:\/\/lareservedepierrevert.fr\/wp-content\/uploads\/2026\/03\/Chambre-2-20260225_181232-scaled.jpg 2560w, https:\/\/lareservedepierrevert.fr\/wp-content\/uploads\/2026\/03\/Chambre-2-20260225_181232-300x169.jpg 300w, https:\/\/lareservedepierrevert.fr\/wp-content\/uploads\/2026\/03\/Chambre-2-20260225_181232-1024x577.jpg 1024w, https:\/\/lareservedepierrevert.fr\/wp-content\/uploads\/2026\/03\/Chambre-2-20260225_181232-768x432.jpg 768w, https:\/\/lareservedepierrevert.fr\/wp-content\/uploads\/2026\/03\/Chambre-2-20260225_181232-1536x865.jpg 1536w, https:\/\/lareservedepierrevert.fr\/wp-content\/uploads\/2026\/03\/Chambre-2-20260225_181232-2048x1153.jpg 2048w\" sizes=\"auto, (max-width: 2560px) 100vw, 2560px\" \/><\/figure>\n<\/div>\n<\/div>\n<\/div>\n\n\n\n<div class=\"wp-block-group alignfull has-base-background-color has-background is-content-justification-space-between is-layout-flex wp-container-core-group-is-layout-734019e1 wp-block-group-is-layout-flex\" style=\"margin-top:0;margin-bottom:0;padding-top:var(--wp--preset--spacing--30);padding-right:var(--wp--preset--spacing--10);padding-bottom:var(--wp--preset--spacing--30);padding-left:var(--wp--preset--spacing--10)\">\n<div class=\"wp-block-columns alignwide is-layout-flex wp-container-core-columns-is-layout-7e4bf910 wp-block-columns-is-layout-flex\" style=\"padding-right:var(--wp--preset--spacing--10);padding-left:var(--wp--preset--spacing--10)\">\n<div class=\"wp-block-column is-vertically-aligned-center has-global-padding is-content-justification-center is-layout-constrained wp-container-core-column-is-layout-ded68109 wp-block-column-is-layout-constrained\" style=\"flex-basis:100%\">\n<div class=\"wp-block-group has-global-padding is-layout-constrained wp-block-group-is-layout-constrained\">\n<h2 class=\"wp-block-heading\">L&rsquo;ext\u00e9rieur<\/h2>\n\n\n\n<p>Grand espace privatif d&rsquo;environ 200m\u00b2<\/p>\n\n\n\n<p>Equip\u00e9 d&rsquo;un coin salon et d&rsquo;un coin repas sous une tonnelle bioclimatique \u00e9clair\u00e9e.<\/p>\n\n\n\n<figure class=\"wp-block-image size-large is-style-rounded is-style-rounded--18\"><img loading=\"lazy\" decoding=\"async\" width=\"1024\" height=\"577\" src=\"https:\/\/lareservedepierrevert.fr\/wp-content\/uploads\/2026\/03\/Gite-1-Exterieur-20260227-8-1024x577.jpg\" alt=\"\" class=\"wp-image-402\" style=\"aspect-ratio:16\/9;object-fit:cover\" srcset=\"https:\/\/lareservedepierrevert.fr\/wp-content\/uploads\/2026\/03\/Gite-1-Exterieur-20260227-8-1024x577.jpg 1024w, https:\/\/lareservedepierrevert.fr\/wp-content\/uploads\/2026\/03\/Gite-1-Exterieur-20260227-8-300x169.jpg 300w, https:\/\/lareservedepierrevert.fr\/wp-content\/uploads\/2026\/03\/Gite-1-Exterieur-20260227-8-768x432.jpg 768w, https:\/\/lareservedepierrevert.fr\/wp-content\/uploads\/2026\/03\/Gite-1-Exterieur-20260227-8-1536x865.jpg 1536w, https:\/\/lareservedepierrevert.fr\/wp-content\/uploads\/2026\/03\/Gite-1-Exterieur-20260227-8-2048x1153.jpg 2048w\" sizes=\"auto, (max-width: 1024px) 100vw, 1024px\" \/><\/figure>\n<\/div>\n<\/div>\n\n\n\n<div class=\"wp-block-column is-layout-flow wp-container-core-column-is-layout-119bc444 wp-block-column-is-layout-flow\" style=\"flex-basis:100%\">\n<figure class=\"wp-block-image size-large is-style-rounded is-style-rounded--19\"><img loading=\"lazy\" decoding=\"async\" width=\"1024\" height=\"683\" src=\"https:\/\/lareservedepierrevert.fr\/wp-content\/uploads\/2026\/03\/Gite-1-Exterieur-2-1024x683.jpg\" alt=\"\" class=\"wp-image-371\" srcset=\"https:\/\/lareservedepierrevert.fr\/wp-content\/uploads\/2026\/03\/Gite-1-Exterieur-2-1024x683.jpg 1024w, https:\/\/lareservedepierrevert.fr\/wp-content\/uploads\/2026\/03\/Gite-1-Exterieur-2-300x200.jpg 300w, https:\/\/lareservedepierrevert.fr\/wp-content\/uploads\/2026\/03\/Gite-1-Exterieur-2-768x512.jpg 768w, https:\/\/lareservedepierrevert.fr\/wp-content\/uploads\/2026\/03\/Gite-1-Exterieur-2-1536x1024.jpg 1536w, https:\/\/lareservedepierrevert.fr\/wp-content\/uploads\/2026\/03\/Gite-1-Exterieur-2-2048x1365.jpg 2048w\" sizes=\"auto, (max-width: 1024px) 100vw, 1024px\" \/><\/figure>\n\n\n\n<div class=\"wp-block-columns is-layout-flex wp-container-core-columns-is-layout-87beb0d0 wp-block-columns-is-layout-flex\">\n<div class=\"wp-block-column is-layout-flow wp-block-column-is-layout-flow\">\n<figure class=\"wp-block-image size-large is-style-rounded is-style-rounded--20\"><img loading=\"lazy\" decoding=\"async\" width=\"1024\" height=\"577\" src=\"https:\/\/lareservedepierrevert.fr\/wp-content\/uploads\/2026\/03\/Gite-1-Exterieur-20260227-5-1024x577.jpg\" alt=\"\" class=\"wp-image-375\" srcset=\"https:\/\/lareservedepierrevert.fr\/wp-content\/uploads\/2026\/03\/Gite-1-Exterieur-20260227-5-1024x577.jpg 1024w, https:\/\/lareservedepierrevert.fr\/wp-content\/uploads\/2026\/03\/Gite-1-Exterieur-20260227-5-300x169.jpg 300w, https:\/\/lareservedepierrevert.fr\/wp-content\/uploads\/2026\/03\/Gite-1-Exterieur-20260227-5-768x432.jpg 768w, https:\/\/lareservedepierrevert.fr\/wp-content\/uploads\/2026\/03\/Gite-1-Exterieur-20260227-5-1536x865.jpg 1536w, https:\/\/lareservedepierrevert.fr\/wp-content\/uploads\/2026\/03\/Gite-1-Exterieur-20260227-5-2048x1153.jpg 2048w\" sizes=\"auto, (max-width: 1024px) 100vw, 1024px\" \/><\/figure>\n<\/div>\n\n\n\n<div class=\"wp-block-column is-layout-flow wp-block-column-is-layout-flow\">\n<figure class=\"wp-block-image size-full is-style-rounded is-style-rounded--21\"><img loading=\"lazy\" decoding=\"async\" width=\"2560\" height=\"1441\" src=\"https:\/\/lareservedepierrevert.fr\/wp-content\/uploads\/2026\/03\/Gite-1-Exterieur-20260209-1-scaled.jpg\" alt=\"\" class=\"wp-image-401\" srcset=\"https:\/\/lareservedepierrevert.fr\/wp-content\/uploads\/2026\/03\/Gite-1-Exterieur-20260209-1-scaled.jpg 2560w, https:\/\/lareservedepierrevert.fr\/wp-content\/uploads\/2026\/03\/Gite-1-Exterieur-20260209-1-300x169.jpg 300w, https:\/\/lareservedepierrevert.fr\/wp-content\/uploads\/2026\/03\/Gite-1-Exterieur-20260209-1-1024x577.jpg 1024w, https:\/\/lareservedepierrevert.fr\/wp-content\/uploads\/2026\/03\/Gite-1-Exterieur-20260209-1-768x432.jpg 768w, https:\/\/lareservedepierrevert.fr\/wp-content\/uploads\/2026\/03\/Gite-1-Exterieur-20260209-1-1536x865.jpg 1536w, https:\/\/lareservedepierrevert.fr\/wp-content\/uploads\/2026\/03\/Gite-1-Exterieur-20260209-1-2048x1153.jpg 2048w\" sizes=\"auto, (max-width: 2560px) 100vw, 2560px\" \/><\/figure>\n<\/div>\n<\/div>\n<\/div>\n<\/div>\n<\/div>\n","protected":false},"excerpt":{"rendered":"<p>Nich\u00e9 au c\u0153ur du Domaine de la R\u00e9serve, ce g\u00eete d\u2019exception vous accueille dans un cadre authentique et pr\u00e9serv\u00e9, adoss\u00e9 \u00e0 une b\u00e2tisse du XVIII\u1d49 si\u00e8cle enti\u00e8rement restaur\u00e9e. Le domaine se compose de trois autres g\u00eetes, d\u2019une maison principale, de deux piscines et d\u2019un vaste parc arbor\u00e9, offrant une atmosph\u00e8re paisible et exclusive. Vous profiterez [&hellip;]<\/p>\n","protected":false},"author":1,"featured_media":0,"parent":0,"menu_order":0,"comment_status":"closed","ping_status":"closed","template":"","meta":{"footnotes":""},"class_list":["post-10","page","type-page","status-publish","hentry"],"_links":{"self":[{"href":"https:\/\/lareservedepierrevert.fr\/index.php\/wp-json\/wp\/v2\/pages\/10","targetHints":{"allow":["GET"]}}],"collection":[{"href":"https:\/\/lareservedepierrevert.fr\/index.php\/wp-json\/wp\/v2\/pages"}],"about":[{"href":"https:\/\/lareservedepierrevert.fr\/index.php\/wp-json\/wp\/v2\/types\/page"}],"author":[{"embeddable":true,"href":"https:\/\/lareservedepierrevert.fr\/index.php\/wp-json\/wp\/v2\/users\/1"}],"replies":[{"embeddable":true,"href":"https:\/\/lareservedepierrevert.fr\/index.php\/wp-json\/wp\/v2\/comments?post=10"}],"version-history":[{"count":30,"href":"https:\/\/lareservedepierrevert.fr\/index.php\/wp-json\/wp\/v2\/pages\/10\/revisions"}],"predecessor-version":[{"id":502,"href":"https:\/\/lareservedepierrevert.fr\/index.php\/wp-json\/wp\/v2\/pages\/10\/revisions\/502"}],"wp:attachment":[{"href":"https:\/\/lareservedepierrevert.fr\/index.php\/wp-json\/wp\/v2\/media?parent=10"}],"curies":[{"name":"wp","href":"https:\/\/api.w.org\/{rel}","templated":true}]}}