{"id":171,"date":"2026-03-10T18:37:12","date_gmt":"2026-03-10T18:37:12","guid":{"rendered":"https:\/\/lareservedepierrevert.fr\/?page_id=171"},"modified":"2026-03-30T19:11:26","modified_gmt":"2026-03-30T19:11:26","slug":"gite-2","status":"publish","type":"page","link":"https:\/\/lareservedepierrevert.fr\/index.php\/gite-2\/","title":{"rendered":"Gite 2 &#8211; Les Terrasses du Verdon"},"content":{"rendered":"\n<div class=\"wp-block-group alignfull has-accent-background-color has-background is-vertical is-layout-flex wp-container-core-group-is-layout-cfd0328e wp-block-group-is-layout-flex\" style=\"margin-top:0;margin-bottom:0;padding-top:var(--wp--preset--spacing--40);padding-right:var(--wp--preset--spacing--20);padding-bottom:var(--wp--preset--spacing--40);padding-left:var(--wp--preset--spacing--20)\">\n<div class=\"wp-block-columns alignwide is-layout-flex wp-container-core-columns-is-layout-1da03c2a wp-block-columns-is-layout-flex\">\n<div class=\"wp-block-column is-vertically-aligned-stretch is-layout-flow wp-block-column-is-layout-flow\" style=\"flex-basis:50%\">\n<div class=\"wp-block-group has-body-font-family is-vertical is-content-justification-center is-layout-flex wp-container-core-group-is-layout-7128f10e wp-block-group-is-layout-flex\" style=\"min-height:100%\">\n<p class=\"has-body-font-family has-medium-font-size\" style=\"line-height:1.2\">Nich\u00e9 au c\u0153ur du Domaine de la R\u00e9serve, ce g\u00eete d\u2019exception vous accueille dans un cadre authentique et pr\u00e9serv\u00e9, \u00e0 proximit\u00e9 d\u2019une b\u00e2tisse du XVIII\u1d49 si\u00e8cle. Le domaine se compose de trois autres g\u00eetes, d\u2019une maison principale, de deux piscines et d\u2019un Parc. Vous profiterez d\u2019une terrasse ext\u00e9rieure privative de 70 m\u00b2, d&rsquo;une piscine partag\u00e9e avec 3 g\u00eetes du domaine, d&rsquo;un lieu de d\u00e9tente privil\u00e9gi\u00e9 avec une vue imprenable sur le Verdon. Ce g\u00eete a \u00e9t\u00e9 pens\u00e9 pour offrir confort, \u00e9l\u00e9gance.<\/p>\n<\/div>\n<\/div>\n\n\n\n<div class=\"wp-block-column is-vertically-aligned-center is-layout-flow wp-block-column-is-layout-flow\" style=\"flex-basis:50%\">\n<figure class=\"wp-block-image size-large is-style-rounded is-style-rounded--1\"><img loading=\"lazy\" decoding=\"async\" width=\"1024\" height=\"577\" src=\"https:\/\/lareservedepierrevert.fr\/wp-content\/uploads\/2026\/03\/Gite-2-La-Terrasse-20260312-1-1024x577.jpg\" alt=\"\" class=\"wp-image-440\" style=\"aspect-ratio:16\/9;object-fit:cover\" srcset=\"https:\/\/lareservedepierrevert.fr\/wp-content\/uploads\/2026\/03\/Gite-2-La-Terrasse-20260312-1-1024x577.jpg 1024w, https:\/\/lareservedepierrevert.fr\/wp-content\/uploads\/2026\/03\/Gite-2-La-Terrasse-20260312-1-300x169.jpg 300w, https:\/\/lareservedepierrevert.fr\/wp-content\/uploads\/2026\/03\/Gite-2-La-Terrasse-20260312-1-768x432.jpg 768w, https:\/\/lareservedepierrevert.fr\/wp-content\/uploads\/2026\/03\/Gite-2-La-Terrasse-20260312-1-1536x865.jpg 1536w, https:\/\/lareservedepierrevert.fr\/wp-content\/uploads\/2026\/03\/Gite-2-La-Terrasse-20260312-1-2048x1153.jpg 2048w\" sizes=\"auto, (max-width: 1024px) 100vw, 1024px\" \/><\/figure>\n<\/div>\n<\/div>\n\n\n\n<div class=\"wp-block-columns is-layout-flex wp-container-core-columns-is-layout-28f84493 wp-block-columns-is-layout-flex\">\n<div class=\"wp-block-column has-body-font-family is-layout-flow wp-block-column-is-layout-flow\">\n<hr class=\"wp-block-separator has-alpha-channel-opacity is-style-wide\"\/>\n\n\n\n<p>Ce gite est compos\u00e9 d&rsquo;un salon &#8211; Cuisine &#8211; Espace repas puis de 2 chambres dont une avec sa salle de bain et son toilette s\u00e9par\u00e9 et d&rsquo;une 2\u00e8me salle de bain avec un toilette. D&rsquo;une terrasse ext\u00e9rieur privative non cl\u00f4tur\u00e9 de 70m2 avec un coin repas sous une tonnelle bioclimatique \u00e9clair\u00e9e qui domine les vall\u00e9es du Verdon.<\/p>\n<\/div>\n<\/div>\n<\/div>\n\n\n\n<div class=\"wp-block-group alignfull has-base-background-color has-background is-content-justification-space-between is-layout-flex wp-container-core-group-is-layout-ae7003ac wp-block-group-is-layout-flex\" style=\"margin-top:0;margin-bottom:0;padding-top:var(--wp--preset--spacing--30);padding-right:var(--wp--preset--spacing--20);padding-bottom:var(--wp--preset--spacing--30);padding-left:var(--wp--preset--spacing--20)\">\n<div class=\"wp-block-columns alignwide is-layout-flex wp-container-core-columns-is-layout-549b0c86 wp-block-columns-is-layout-flex\">\n<div class=\"wp-block-column is-vertically-aligned-center has-global-padding is-content-justification-center is-layout-constrained wp-container-core-column-is-layout-1b95a765 wp-block-column-is-layout-constrained\" style=\"padding-right:0;padding-left:0;flex-basis:50%\">\n<h2 class=\"wp-block-heading\">Le Salon<\/h2>\n\n\n\n<p>Equip\u00e9 d&rsquo;un t\u00e9l\u00e9vision avec une box pour visualiser plus de 300 chaines<\/p>\n\n\n\n<div style=\"height:29px\" aria-hidden=\"true\" class=\"wp-block-spacer\"><\/div>\n\n\n\n<figure class=\"wp-block-image size-full is-style-rounded is-style-rounded--2\"><img loading=\"lazy\" decoding=\"async\" width=\"2560\" height=\"1707\" src=\"https:\/\/lareservedepierrevert.fr\/wp-content\/uploads\/2026\/03\/Gite-2-Le-Salon-2-scaled.jpg\" alt=\"\" class=\"wp-image-424\" srcset=\"https:\/\/lareservedepierrevert.fr\/wp-content\/uploads\/2026\/03\/Gite-2-Le-Salon-2-scaled.jpg 2560w, https:\/\/lareservedepierrevert.fr\/wp-content\/uploads\/2026\/03\/Gite-2-Le-Salon-2-300x200.jpg 300w, https:\/\/lareservedepierrevert.fr\/wp-content\/uploads\/2026\/03\/Gite-2-Le-Salon-2-1024x683.jpg 1024w, https:\/\/lareservedepierrevert.fr\/wp-content\/uploads\/2026\/03\/Gite-2-Le-Salon-2-768x512.jpg 768w, https:\/\/lareservedepierrevert.fr\/wp-content\/uploads\/2026\/03\/Gite-2-Le-Salon-2-1536x1024.jpg 1536w\" sizes=\"auto, (max-width: 2560px) 100vw, 2560px\" \/><\/figure>\n<\/div>\n\n\n\n<div class=\"wp-block-column is-layout-flow wp-container-core-column-is-layout-119bc444 wp-block-column-is-layout-flow\" style=\"flex-basis:60%\">\n<div class=\"wp-block-columns is-layout-flex wp-container-core-columns-is-layout-87beb0d0 wp-block-columns-is-layout-flex\">\n<div class=\"wp-block-column is-layout-flow wp-block-column-is-layout-flow\">\n<figure class=\"wp-block-image size-large is-style-rounded is-style-rounded--3\"><img loading=\"lazy\" decoding=\"async\" width=\"1024\" height=\"683\" src=\"https:\/\/lareservedepierrevert.fr\/wp-content\/uploads\/2026\/03\/Gite-2-Le-Salon-1-1024x683.jpg\" alt=\"\" class=\"wp-image-423\" style=\"aspect-ratio:4\/3;object-fit:cover\" srcset=\"https:\/\/lareservedepierrevert.fr\/wp-content\/uploads\/2026\/03\/Gite-2-Le-Salon-1-1024x683.jpg 1024w, https:\/\/lareservedepierrevert.fr\/wp-content\/uploads\/2026\/03\/Gite-2-Le-Salon-1-300x200.jpg 300w, https:\/\/lareservedepierrevert.fr\/wp-content\/uploads\/2026\/03\/Gite-2-Le-Salon-1-768x512.jpg 768w, https:\/\/lareservedepierrevert.fr\/wp-content\/uploads\/2026\/03\/Gite-2-Le-Salon-1-1536x1024.jpg 1536w\" sizes=\"auto, (max-width: 1024px) 100vw, 1024px\" \/><\/figure>\n\n\n\n<figure class=\"wp-block-image size-large is-style-rounded is-style-rounded--4\"><img loading=\"lazy\" decoding=\"async\" width=\"1024\" height=\"577\" src=\"https:\/\/lareservedepierrevert.fr\/wp-content\/uploads\/2026\/03\/Gite-2-Le-Salon-20260312-9-1024x577.jpg\" alt=\"\" class=\"wp-image-419\" srcset=\"https:\/\/lareservedepierrevert.fr\/wp-content\/uploads\/2026\/03\/Gite-2-Le-Salon-20260312-9-1024x577.jpg 1024w, https:\/\/lareservedepierrevert.fr\/wp-content\/uploads\/2026\/03\/Gite-2-Le-Salon-20260312-9-300x169.jpg 300w, https:\/\/lareservedepierrevert.fr\/wp-content\/uploads\/2026\/03\/Gite-2-Le-Salon-20260312-9-768x432.jpg 768w, https:\/\/lareservedepierrevert.fr\/wp-content\/uploads\/2026\/03\/Gite-2-Le-Salon-20260312-9-1536x865.jpg 1536w, https:\/\/lareservedepierrevert.fr\/wp-content\/uploads\/2026\/03\/Gite-2-Le-Salon-20260312-9-2048x1153.jpg 2048w\" sizes=\"auto, (max-width: 1024px) 100vw, 1024px\" \/><\/figure>\n<\/div>\n<\/div>\n<\/div>\n<\/div>\n<\/div>\n\n\n\n<div class=\"wp-block-group alignfull has-accent-5-background-color has-background has-global-padding is-layout-constrained wp-container-core-group-is-layout-1131737d wp-block-group-is-layout-constrained\" style=\"margin-top:0;margin-bottom:0;padding-top:var(--wp--preset--spacing--20);padding-right:var(--wp--preset--spacing--20);padding-bottom:var(--wp--preset--spacing--20);padding-left:var(--wp--preset--spacing--20)\">\n<div class=\"wp-block-columns alignwide is-layout-flex wp-container-core-columns-is-layout-1da03c2a wp-block-columns-is-layout-flex\">\n<div class=\"wp-block-column is-layout-flow wp-block-column-is-layout-flow\" style=\"flex-basis:100%\">\n<h2 class=\"wp-block-heading\">La Cuisine<\/h2>\n\n\n\n<p>Enti\u00e8rement \u00e9quip\u00e9e, Lave vaisselle, lave linge, Frigidaire, cong\u00e9lateur, four, micro-onde, Cafeti\u00e8re Nespresso, Bouloire&#8230;<\/p>\n\n\n\n<figure class=\"wp-block-image size-full is-style-rounded is-style-rounded--5\"><img loading=\"lazy\" decoding=\"async\" width=\"2560\" height=\"1441\" src=\"https:\/\/lareservedepierrevert.fr\/wp-content\/uploads\/2026\/03\/Gite-2-La-cuisine-20260312-3-scaled.jpg\" alt=\"\" class=\"wp-image-426\" style=\"object-fit:contain\" srcset=\"https:\/\/lareservedepierrevert.fr\/wp-content\/uploads\/2026\/03\/Gite-2-La-cuisine-20260312-3-scaled.jpg 2560w, https:\/\/lareservedepierrevert.fr\/wp-content\/uploads\/2026\/03\/Gite-2-La-cuisine-20260312-3-300x169.jpg 300w, https:\/\/lareservedepierrevert.fr\/wp-content\/uploads\/2026\/03\/Gite-2-La-cuisine-20260312-3-1024x577.jpg 1024w, https:\/\/lareservedepierrevert.fr\/wp-content\/uploads\/2026\/03\/Gite-2-La-cuisine-20260312-3-768x432.jpg 768w, https:\/\/lareservedepierrevert.fr\/wp-content\/uploads\/2026\/03\/Gite-2-La-cuisine-20260312-3-1536x865.jpg 1536w, https:\/\/lareservedepierrevert.fr\/wp-content\/uploads\/2026\/03\/Gite-2-La-cuisine-20260312-3-2048x1153.jpg 2048w\" sizes=\"auto, (max-width: 2560px) 100vw, 2560px\" \/><\/figure>\n<\/div>\n\n\n\n<div class=\"wp-block-column is-vertically-aligned-center is-layout-flow wp-block-column-is-layout-flow\" style=\"flex-basis:100%\">\n<figure class=\"wp-block-image size-full is-style-rounded wp-duotone-unset-7 is-style-rounded--6\" style=\"margin-top:0;margin-bottom:0\"><img loading=\"lazy\" decoding=\"async\" width=\"2560\" height=\"1441\" src=\"https:\/\/lareservedepierrevert.fr\/wp-content\/uploads\/2026\/03\/Gite-2-Repas-20260312-2-scaled.jpg\" alt=\"\" class=\"wp-image-427\" srcset=\"https:\/\/lareservedepierrevert.fr\/wp-content\/uploads\/2026\/03\/Gite-2-Repas-20260312-2-scaled.jpg 2560w, https:\/\/lareservedepierrevert.fr\/wp-content\/uploads\/2026\/03\/Gite-2-Repas-20260312-2-300x169.jpg 300w, https:\/\/lareservedepierrevert.fr\/wp-content\/uploads\/2026\/03\/Gite-2-Repas-20260312-2-1024x577.jpg 1024w, https:\/\/lareservedepierrevert.fr\/wp-content\/uploads\/2026\/03\/Gite-2-Repas-20260312-2-768x432.jpg 768w, https:\/\/lareservedepierrevert.fr\/wp-content\/uploads\/2026\/03\/Gite-2-Repas-20260312-2-1536x865.jpg 1536w, https:\/\/lareservedepierrevert.fr\/wp-content\/uploads\/2026\/03\/Gite-2-Repas-20260312-2-2048x1153.jpg 2048w\" sizes=\"auto, (max-width: 2560px) 100vw, 2560px\" \/><\/figure>\n\n\n\n<h2 class=\"wp-block-heading\">L&rsquo;espace repas<\/h2>\n\n\n\n<p>Equip\u00e9 pour recevoir 4 personnes<\/p>\n<\/div>\n<\/div>\n<\/div>\n\n\n\n<div class=\"wp-block-group alignfull has-base-2-background-color has-background is-nowrap is-layout-flex wp-container-core-group-is-layout-b202a3ab wp-block-group-is-layout-flex\" style=\"margin-top:0;margin-bottom:0;padding-top:var(--wp--preset--spacing--30);padding-right:var(--wp--preset--spacing--10);padding-bottom:var(--wp--preset--spacing--30);padding-left:var(--wp--preset--spacing--10)\">\n<div class=\"wp-block-columns alignwide is-layout-flex wp-container-core-columns-is-layout-643ced6b wp-block-columns-is-layout-flex\">\n<div class=\"wp-block-column is-layout-flow wp-block-column-is-layout-flow\" style=\"flex-basis:100%\">\n<h2 class=\"wp-block-heading\">La 1\u00e8re Chambre<\/h2>\n\n\n\n<p>Avec Salle de bain &#8211; toilette<\/p>\n\n\n\n<div style=\"height:27px\" aria-hidden=\"true\" class=\"wp-block-spacer\"><\/div>\n\n\n\n<figure class=\"wp-block-image size-full is-style-rounded wp-duotone-unset-9 is-style-rounded--8\" style=\"margin-top:0;margin-bottom:0\"><img loading=\"lazy\" decoding=\"async\" width=\"2560\" height=\"1707\" src=\"https:\/\/lareservedepierrevert.fr\/wp-content\/uploads\/2026\/03\/Gite-2-Chambre-1-VIVEZ-DRONE-scaled.jpg\" alt=\"\" class=\"wp-image-429\" srcset=\"https:\/\/lareservedepierrevert.fr\/wp-content\/uploads\/2026\/03\/Gite-2-Chambre-1-VIVEZ-DRONE-scaled.jpg 2560w, https:\/\/lareservedepierrevert.fr\/wp-content\/uploads\/2026\/03\/Gite-2-Chambre-1-VIVEZ-DRONE-300x200.jpg 300w, https:\/\/lareservedepierrevert.fr\/wp-content\/uploads\/2026\/03\/Gite-2-Chambre-1-VIVEZ-DRONE-1024x683.jpg 1024w, https:\/\/lareservedepierrevert.fr\/wp-content\/uploads\/2026\/03\/Gite-2-Chambre-1-VIVEZ-DRONE-768x512.jpg 768w\" sizes=\"auto, (max-width: 2560px) 100vw, 2560px\" \/><\/figure>\n<\/div>\n\n\n\n<div class=\"wp-block-column is-vertically-aligned-center is-layout-flow wp-container-core-column-is-layout-faa773a9 wp-block-column-is-layout-flow\" style=\"padding-top:0;padding-right:0;padding-bottom:0;padding-left:0;flex-basis:100%\">\n<figure class=\"wp-block-gallery has-nested-images columns-default is-cropped wp-block-gallery-11 is-layout-flex wp-block-gallery-is-layout-flex\">\n<figure class=\"wp-block-image size-large is-style-rounded is-style-rounded--10\"><img loading=\"lazy\" decoding=\"async\" width=\"1024\" height=\"577\" data-id=\"430\" src=\"https:\/\/lareservedepierrevert.fr\/wp-content\/uploads\/2026\/03\/Gite-2-Chambre-1-20260312-1-1024x577.jpg\" alt=\"\" class=\"wp-image-430\" srcset=\"https:\/\/lareservedepierrevert.fr\/wp-content\/uploads\/2026\/03\/Gite-2-Chambre-1-20260312-1-1024x577.jpg 1024w, https:\/\/lareservedepierrevert.fr\/wp-content\/uploads\/2026\/03\/Gite-2-Chambre-1-20260312-1-300x169.jpg 300w, https:\/\/lareservedepierrevert.fr\/wp-content\/uploads\/2026\/03\/Gite-2-Chambre-1-20260312-1-768x432.jpg 768w, https:\/\/lareservedepierrevert.fr\/wp-content\/uploads\/2026\/03\/Gite-2-Chambre-1-20260312-1-1536x865.jpg 1536w, https:\/\/lareservedepierrevert.fr\/wp-content\/uploads\/2026\/03\/Gite-2-Chambre-1-20260312-1-2048x1153.jpg 2048w\" sizes=\"auto, (max-width: 1024px) 100vw, 1024px\" \/><\/figure>\n<\/figure>\n\n\n\n<figure class=\"wp-block-image size-large is-style-rounded is-style-rounded--12\"><img loading=\"lazy\" decoding=\"async\" width=\"1024\" height=\"577\" src=\"https:\/\/lareservedepierrevert.fr\/wp-content\/uploads\/2026\/03\/Gite-2-SDB1-20260312-2-1024x577.jpg\" alt=\"\" class=\"wp-image-431\" srcset=\"https:\/\/lareservedepierrevert.fr\/wp-content\/uploads\/2026\/03\/Gite-2-SDB1-20260312-2-1024x577.jpg 1024w, https:\/\/lareservedepierrevert.fr\/wp-content\/uploads\/2026\/03\/Gite-2-SDB1-20260312-2-300x169.jpg 300w, https:\/\/lareservedepierrevert.fr\/wp-content\/uploads\/2026\/03\/Gite-2-SDB1-20260312-2-768x432.jpg 768w, https:\/\/lareservedepierrevert.fr\/wp-content\/uploads\/2026\/03\/Gite-2-SDB1-20260312-2-1536x865.jpg 1536w, https:\/\/lareservedepierrevert.fr\/wp-content\/uploads\/2026\/03\/Gite-2-SDB1-20260312-2-2048x1153.jpg 2048w\" sizes=\"auto, (max-width: 1024px) 100vw, 1024px\" \/><\/figure>\n<\/div>\n<\/div>\n<\/div>\n\n\n\n<div class=\"wp-block-group alignfull has-accent-background-color has-background has-global-padding is-layout-constrained wp-container-core-group-is-layout-1745ef46 wp-block-group-is-layout-constrained\" style=\"margin-top:0;margin-bottom:0;padding-top:var(--wp--preset--spacing--40);padding-right:var(--wp--preset--spacing--10);padding-bottom:var(--wp--preset--spacing--40);padding-left:var(--wp--preset--spacing--10)\">\n<div class=\"wp-block-columns alignwide is-layout-flex wp-container-core-columns-is-layout-1da03c2a wp-block-columns-is-layout-flex\">\n<div class=\"wp-block-column is-layout-flow wp-block-column-is-layout-flow\" style=\"flex-basis:60%\">\n<h2 class=\"wp-block-heading\">La 2\u00e8me Chambre<\/h2>\n\n\n\n<p>Avec  salle de bain et toilette s\u00e9par\u00e9<\/p>\n\n\n\n<figure class=\"wp-block-gallery has-nested-images columns-default is-cropped wp-block-gallery-14 is-layout-flex wp-block-gallery-is-layout-flex\">\n<figure class=\"wp-block-image size-large is-style-rounded is-style-rounded--13\"><img loading=\"lazy\" decoding=\"async\" width=\"1024\" height=\"577\" data-id=\"433\" src=\"https:\/\/lareservedepierrevert.fr\/wp-content\/uploads\/2026\/03\/Gite-2-Chambre-2-20260312-1-1024x577.jpg\" alt=\"\" class=\"wp-image-433\" srcset=\"https:\/\/lareservedepierrevert.fr\/wp-content\/uploads\/2026\/03\/Gite-2-Chambre-2-20260312-1-1024x577.jpg 1024w, https:\/\/lareservedepierrevert.fr\/wp-content\/uploads\/2026\/03\/Gite-2-Chambre-2-20260312-1-300x169.jpg 300w, https:\/\/lareservedepierrevert.fr\/wp-content\/uploads\/2026\/03\/Gite-2-Chambre-2-20260312-1-768x432.jpg 768w, https:\/\/lareservedepierrevert.fr\/wp-content\/uploads\/2026\/03\/Gite-2-Chambre-2-20260312-1-1536x865.jpg 1536w, https:\/\/lareservedepierrevert.fr\/wp-content\/uploads\/2026\/03\/Gite-2-Chambre-2-20260312-1-2048x1153.jpg 2048w\" sizes=\"auto, (max-width: 1024px) 100vw, 1024px\" \/><\/figure>\n<\/figure>\n<\/div>\n\n\n\n<div class=\"wp-block-column is-vertically-aligned-center is-layout-flow wp-block-column-is-layout-flow\" style=\"flex-basis:40%\">\n<div class=\"wp-block-columns is-layout-flex wp-container-core-columns-is-layout-28f84493 wp-block-columns-is-layout-flex\">\n<div class=\"wp-block-column is-layout-flow wp-block-column-is-layout-flow\" style=\"flex-basis:100%\">\n<figure class=\"wp-block-image size-full is-style-rounded wp-duotone-unset-16 is-style-rounded--15\" style=\"margin-top:0;margin-bottom:0\"><img loading=\"lazy\" decoding=\"async\" width=\"2560\" height=\"1441\" src=\"https:\/\/lareservedepierrevert.fr\/wp-content\/uploads\/2026\/03\/Gite-2-Chambre-2-20260312-3-scaled.jpg\" alt=\"\" class=\"wp-image-434\" srcset=\"https:\/\/lareservedepierrevert.fr\/wp-content\/uploads\/2026\/03\/Gite-2-Chambre-2-20260312-3-scaled.jpg 2560w, https:\/\/lareservedepierrevert.fr\/wp-content\/uploads\/2026\/03\/Gite-2-Chambre-2-20260312-3-300x169.jpg 300w, https:\/\/lareservedepierrevert.fr\/wp-content\/uploads\/2026\/03\/Gite-2-Chambre-2-20260312-3-1024x577.jpg 1024w, https:\/\/lareservedepierrevert.fr\/wp-content\/uploads\/2026\/03\/Gite-2-Chambre-2-20260312-3-768x432.jpg 768w, https:\/\/lareservedepierrevert.fr\/wp-content\/uploads\/2026\/03\/Gite-2-Chambre-2-20260312-3-1536x865.jpg 1536w, https:\/\/lareservedepierrevert.fr\/wp-content\/uploads\/2026\/03\/Gite-2-Chambre-2-20260312-3-2048x1153.jpg 2048w\" sizes=\"auto, (max-width: 2560px) 100vw, 2560px\" \/><\/figure>\n<\/div>\n<\/div>\n\n\n\n<figure class=\"wp-block-image size-large is-style-rounded is-style-rounded--17\"><img loading=\"lazy\" decoding=\"async\" width=\"1024\" height=\"683\" src=\"https:\/\/lareservedepierrevert.fr\/wp-content\/uploads\/2026\/03\/Gite-2-SDB2-VIVEZ-DRONE-1024x683.jpg\" alt=\"\" class=\"wp-image-435\" srcset=\"https:\/\/lareservedepierrevert.fr\/wp-content\/uploads\/2026\/03\/Gite-2-SDB2-VIVEZ-DRONE-1024x683.jpg 1024w, https:\/\/lareservedepierrevert.fr\/wp-content\/uploads\/2026\/03\/Gite-2-SDB2-VIVEZ-DRONE-300x200.jpg 300w, https:\/\/lareservedepierrevert.fr\/wp-content\/uploads\/2026\/03\/Gite-2-SDB2-VIVEZ-DRONE-768x512.jpg 768w\" sizes=\"auto, (max-width: 1024px) 100vw, 1024px\" \/><\/figure>\n<\/div>\n<\/div>\n<\/div>\n\n\n\n<div class=\"wp-block-group alignfull has-base-background-color has-background is-content-justification-space-between is-layout-flex wp-container-core-group-is-layout-734019e1 wp-block-group-is-layout-flex\" style=\"margin-top:0;margin-bottom:0;padding-top:var(--wp--preset--spacing--30);padding-right:var(--wp--preset--spacing--10);padding-bottom:var(--wp--preset--spacing--30);padding-left:var(--wp--preset--spacing--10)\">\n<div class=\"wp-block-columns alignwide is-layout-flex wp-container-core-columns-is-layout-7e4bf910 wp-block-columns-is-layout-flex\" style=\"padding-right:var(--wp--preset--spacing--10);padding-left:var(--wp--preset--spacing--10)\">\n<div class=\"wp-block-column is-vertically-aligned-center has-global-padding is-content-justification-center is-layout-constrained wp-container-core-column-is-layout-ded68109 wp-block-column-is-layout-constrained\" style=\"flex-basis:100%\">\n<div class=\"wp-block-group has-global-padding is-layout-constrained wp-block-group-is-layout-constrained\">\n<h2 class=\"wp-block-heading\">L&rsquo;ext\u00e9rieur<\/h2>\n\n\n\n<p>Grande Terrasse privative d&rsquo;environ 70m\u00b2<\/p>\n\n\n\n<p>Equip\u00e9 d&rsquo;un coin salon avec un bras z\u00e9ro et d&rsquo;un coin repas sous une tonnelle bioclimatique \u00e9clair\u00e9e.<\/p>\n\n\n\n<figure class=\"wp-block-image size-large is-style-rounded is-style-rounded--18\"><img loading=\"lazy\" decoding=\"async\" width=\"1024\" height=\"577\" src=\"https:\/\/lareservedepierrevert.fr\/wp-content\/uploads\/2026\/03\/Gite-2-La-Terrasse-20260312-3-1024x577.jpg\" alt=\"\" class=\"wp-image-437\" style=\"aspect-ratio:16\/9;object-fit:cover\" srcset=\"https:\/\/lareservedepierrevert.fr\/wp-content\/uploads\/2026\/03\/Gite-2-La-Terrasse-20260312-3-1024x577.jpg 1024w, https:\/\/lareservedepierrevert.fr\/wp-content\/uploads\/2026\/03\/Gite-2-La-Terrasse-20260312-3-300x169.jpg 300w, https:\/\/lareservedepierrevert.fr\/wp-content\/uploads\/2026\/03\/Gite-2-La-Terrasse-20260312-3-768x432.jpg 768w, https:\/\/lareservedepierrevert.fr\/wp-content\/uploads\/2026\/03\/Gite-2-La-Terrasse-20260312-3-1536x865.jpg 1536w, https:\/\/lareservedepierrevert.fr\/wp-content\/uploads\/2026\/03\/Gite-2-La-Terrasse-20260312-3-2048x1153.jpg 2048w\" sizes=\"auto, (max-width: 1024px) 100vw, 1024px\" \/><\/figure>\n<\/div>\n<\/div>\n\n\n\n<div class=\"wp-block-column is-layout-flow wp-container-core-column-is-layout-119bc444 wp-block-column-is-layout-flow\" style=\"flex-basis:100%\">\n<figure class=\"wp-block-image size-large is-style-rounded is-style-rounded--19\"><img loading=\"lazy\" decoding=\"async\" width=\"1024\" height=\"577\" src=\"https:\/\/lareservedepierrevert.fr\/wp-content\/uploads\/2026\/03\/Gite-2-La-Terrasse-20260312-2-1024x577.jpg\" alt=\"\" class=\"wp-image-438\" srcset=\"https:\/\/lareservedepierrevert.fr\/wp-content\/uploads\/2026\/03\/Gite-2-La-Terrasse-20260312-2-1024x577.jpg 1024w, https:\/\/lareservedepierrevert.fr\/wp-content\/uploads\/2026\/03\/Gite-2-La-Terrasse-20260312-2-300x169.jpg 300w, https:\/\/lareservedepierrevert.fr\/wp-content\/uploads\/2026\/03\/Gite-2-La-Terrasse-20260312-2-768x432.jpg 768w, https:\/\/lareservedepierrevert.fr\/wp-content\/uploads\/2026\/03\/Gite-2-La-Terrasse-20260312-2-1536x865.jpg 1536w, https:\/\/lareservedepierrevert.fr\/wp-content\/uploads\/2026\/03\/Gite-2-La-Terrasse-20260312-2-2048x1153.jpg 2048w\" sizes=\"auto, (max-width: 1024px) 100vw, 1024px\" \/><\/figure>\n\n\n\n<div class=\"wp-block-columns is-layout-flex wp-container-core-columns-is-layout-87beb0d0 wp-block-columns-is-layout-flex\">\n<div class=\"wp-block-column is-layout-flow wp-block-column-is-layout-flow\">\n<figure class=\"wp-block-image size-large is-style-rounded is-style-rounded--20\"><img loading=\"lazy\" decoding=\"async\" width=\"1024\" height=\"577\" src=\"https:\/\/lareservedepierrevert.fr\/wp-content\/uploads\/2026\/03\/Gite-2-La-Terrasse-20260312-6-1024x577.jpg\" alt=\"\" class=\"wp-image-439\" srcset=\"https:\/\/lareservedepierrevert.fr\/wp-content\/uploads\/2026\/03\/Gite-2-La-Terrasse-20260312-6-1024x577.jpg 1024w, https:\/\/lareservedepierrevert.fr\/wp-content\/uploads\/2026\/03\/Gite-2-La-Terrasse-20260312-6-300x169.jpg 300w, https:\/\/lareservedepierrevert.fr\/wp-content\/uploads\/2026\/03\/Gite-2-La-Terrasse-20260312-6-768x432.jpg 768w, https:\/\/lareservedepierrevert.fr\/wp-content\/uploads\/2026\/03\/Gite-2-La-Terrasse-20260312-6-1536x865.jpg 1536w, https:\/\/lareservedepierrevert.fr\/wp-content\/uploads\/2026\/03\/Gite-2-La-Terrasse-20260312-6-2048x1153.jpg 2048w\" sizes=\"auto, (max-width: 1024px) 100vw, 1024px\" \/><\/figure>\n<\/div>\n<\/div>\n<\/div>\n<\/div>\n<\/div>\n","protected":false},"excerpt":{"rendered":"<p>Nich\u00e9 au c\u0153ur du Domaine de la R\u00e9serve, ce g\u00eete d\u2019exception vous accueille dans un cadre authentique et pr\u00e9serv\u00e9, \u00e0 proximit\u00e9 d\u2019une b\u00e2tisse du XVIII\u1d49 si\u00e8cle. Le domaine se compose de trois autres g\u00eetes, d\u2019une maison principale, de deux piscines et d\u2019un Parc. Vous profiterez d\u2019une terrasse ext\u00e9rieure privative de 70 m\u00b2, d&rsquo;une piscine partag\u00e9e [&hellip;]<\/p>\n","protected":false},"author":1,"featured_media":440,"parent":0,"menu_order":0,"comment_status":"closed","ping_status":"closed","template":"","meta":{"footnotes":""},"class_list":["post-171","page","type-page","status-publish","has-post-thumbnail","hentry"],"_links":{"self":[{"href":"https:\/\/lareservedepierrevert.fr\/index.php\/wp-json\/wp\/v2\/pages\/171","targetHints":{"allow":["GET"]}}],"collection":[{"href":"https:\/\/lareservedepierrevert.fr\/index.php\/wp-json\/wp\/v2\/pages"}],"about":[{"href":"https:\/\/lareservedepierrevert.fr\/index.php\/wp-json\/wp\/v2\/types\/page"}],"author":[{"embeddable":true,"href":"https:\/\/lareservedepierrevert.fr\/index.php\/wp-json\/wp\/v2\/users\/1"}],"replies":[{"embeddable":true,"href":"https:\/\/lareservedepierrevert.fr\/index.php\/wp-json\/wp\/v2\/comments?post=171"}],"version-history":[{"count":21,"href":"https:\/\/lareservedepierrevert.fr\/index.php\/wp-json\/wp\/v2\/pages\/171\/revisions"}],"predecessor-version":[{"id":444,"href":"https:\/\/lareservedepierrevert.fr\/index.php\/wp-json\/wp\/v2\/pages\/171\/revisions\/444"}],"wp:featuredmedia":[{"embeddable":true,"href":"https:\/\/lareservedepierrevert.fr\/index.php\/wp-json\/wp\/v2\/media\/440"}],"wp:attachment":[{"href":"https:\/\/lareservedepierrevert.fr\/index.php\/wp-json\/wp\/v2\/media?parent=171"}],"curies":[{"name":"wp","href":"https:\/\/api.w.org\/{rel}","templated":true}]}}