{"id":445,"date":"2026-03-30T19:53:52","date_gmt":"2026-03-30T19:53:52","guid":{"rendered":"https:\/\/lareservedepierrevert.fr\/?page_id=445"},"modified":"2026-03-30T20:19:14","modified_gmt":"2026-03-30T20:19:14","slug":"gite-3-le-mazet-de-lolivier","status":"publish","type":"page","link":"https:\/\/lareservedepierrevert.fr\/index.php\/gite-3-le-mazet-de-lolivier\/","title":{"rendered":"G\u00eete 3 &#8211; Le Mazet de l&rsquo;Olivier"},"content":{"rendered":"\n<div class=\"wp-block-group alignfull has-accent-background-color has-background is-vertical is-layout-flex wp-container-core-group-is-layout-cfd0328e wp-block-group-is-layout-flex\" style=\"margin-top:0;margin-bottom:0;padding-top:var(--wp--preset--spacing--40);padding-right:var(--wp--preset--spacing--20);padding-bottom:var(--wp--preset--spacing--40);padding-left:var(--wp--preset--spacing--20)\">\n<div class=\"wp-block-columns alignwide is-layout-flex wp-container-core-columns-is-layout-1da03c2a wp-block-columns-is-layout-flex\">\n<div class=\"wp-block-column is-vertically-aligned-stretch is-layout-flow wp-block-column-is-layout-flow\" style=\"flex-basis:50%\">\n<div class=\"wp-block-group has-body-font-family is-vertical is-content-justification-center is-layout-flex wp-container-core-group-is-layout-7128f10e wp-block-group-is-layout-flex\" style=\"min-height:100%\">\n<p class=\"has-body-font-family has-medium-font-size\" style=\"line-height:1.2\">Nich\u00e9 au c\u0153ur du Domaine de la R\u00e9serve, g\u00eete r\u00e9nov\u00e9 d\u2019exception vous accueille dans un cadre authentique et pr\u00e9serv\u00e9, Le domaine se compose de trois autres g\u00eetes, d\u2019une maison principale, de deux piscines et d\u2019un Parc. Vous profiterez d\u2019un espace ext\u00e9rieur privatif de 550 m\u00b2 cl\u00f4tur\u00e9, d\u2019une piscine partag\u00e9e avec 3 g\u00eetes du domaine, offre un lieu de d\u00e9tente privil\u00e9gi\u00e9 avec une vue imprenable sur le Verdon et une piscine privative chauff\u00e9e . Ce g\u00eete a \u00e9t\u00e9 pens\u00e9 pour offrir confort, \u00e9l\u00e9gance.<\/p>\n<\/div>\n<\/div>\n\n\n\n<div class=\"wp-block-column is-vertically-aligned-center is-layout-flow wp-block-column-is-layout-flow\" style=\"flex-basis:50%\">\n<figure class=\"wp-block-image size-large is-style-rounded is-style-rounded--1\"><img loading=\"lazy\" decoding=\"async\" width=\"1024\" height=\"577\" src=\"https:\/\/lareservedepierrevert.fr\/wp-content\/uploads\/2026\/03\/Gite-3-Exterieur-20260211-5-1-1024x577.jpg\" alt=\"\" class=\"wp-image-446\" style=\"aspect-ratio:16\/9;object-fit:cover\" srcset=\"https:\/\/lareservedepierrevert.fr\/wp-content\/uploads\/2026\/03\/Gite-3-Exterieur-20260211-5-1-1024x577.jpg 1024w, https:\/\/lareservedepierrevert.fr\/wp-content\/uploads\/2026\/03\/Gite-3-Exterieur-20260211-5-1-300x169.jpg 300w, https:\/\/lareservedepierrevert.fr\/wp-content\/uploads\/2026\/03\/Gite-3-Exterieur-20260211-5-1-768x432.jpg 768w, https:\/\/lareservedepierrevert.fr\/wp-content\/uploads\/2026\/03\/Gite-3-Exterieur-20260211-5-1-1536x865.jpg 1536w, https:\/\/lareservedepierrevert.fr\/wp-content\/uploads\/2026\/03\/Gite-3-Exterieur-20260211-5-1-2048x1153.jpg 2048w\" sizes=\"auto, (max-width: 1024px) 100vw, 1024px\" \/><\/figure>\n<\/div>\n<\/div>\n\n\n\n<div class=\"wp-block-columns is-layout-flex wp-container-core-columns-is-layout-28f84493 wp-block-columns-is-layout-flex\">\n<div class=\"wp-block-column has-body-font-family is-layout-flow wp-block-column-is-layout-flow\">\n<hr class=\"wp-block-separator has-alpha-channel-opacity is-style-wide\"\/>\n\n\n\n<p>Ce gite est compos\u00e9 d&rsquo;un salon, d&rsquo;un Cuisine avec un Espace repas puis de 2 chambres avec chacun sa salle de bain et son toilette s\u00e9par\u00e9. C\u00f4t\u00e9 ext\u00e9rieur, une terrasse avec un coin salon, un coin repas sous une tonnelle bioclimatique \u00e9clair\u00e9e et une piscine-jacuzzi chauff\u00e9e toute l&rsquo;ann\u00e9e, un terrain de boule, un espace vert et une grande cours. Ce gite est munis de sa propre cl\u00f4ture \u00e0 l&rsquo;int\u00e9rieur du domaine avec son portail \u00e9lectrique et un portillon.<\/p>\n<\/div>\n<\/div>\n<\/div>\n\n\n\n<div class=\"wp-block-group alignfull has-base-background-color has-background is-content-justification-space-between is-layout-flex wp-container-core-group-is-layout-ae7003ac wp-block-group-is-layout-flex\" style=\"margin-top:0;margin-bottom:0;padding-top:var(--wp--preset--spacing--30);padding-right:var(--wp--preset--spacing--20);padding-bottom:var(--wp--preset--spacing--30);padding-left:var(--wp--preset--spacing--20)\">\n<div class=\"wp-block-columns alignwide is-layout-flex wp-container-core-columns-is-layout-549b0c86 wp-block-columns-is-layout-flex\">\n<div class=\"wp-block-column is-vertically-aligned-center has-global-padding is-content-justification-center is-layout-constrained wp-container-core-column-is-layout-1b95a765 wp-block-column-is-layout-constrained\" style=\"padding-right:0;padding-left:0;flex-basis:50%\">\n<h2 class=\"wp-block-heading\">Le Salon<\/h2>\n\n\n\n<p>Equip\u00e9 d&rsquo;un t\u00e9l\u00e9vision avec une box pour visualiser plus de 300 chaines<\/p>\n\n\n\n<div style=\"height:29px\" aria-hidden=\"true\" class=\"wp-block-spacer\"><\/div>\n\n\n\n<figure class=\"wp-block-image size-full is-style-rounded is-style-rounded--2\"><img loading=\"lazy\" decoding=\"async\" width=\"2560\" height=\"1441\" src=\"https:\/\/lareservedepierrevert.fr\/wp-content\/uploads\/2026\/03\/Gite-3-Salon-20260312-1-scaled.jpg\" alt=\"\" class=\"wp-image-447\" srcset=\"https:\/\/lareservedepierrevert.fr\/wp-content\/uploads\/2026\/03\/Gite-3-Salon-20260312-1-scaled.jpg 2560w, https:\/\/lareservedepierrevert.fr\/wp-content\/uploads\/2026\/03\/Gite-3-Salon-20260312-1-300x169.jpg 300w, https:\/\/lareservedepierrevert.fr\/wp-content\/uploads\/2026\/03\/Gite-3-Salon-20260312-1-1024x577.jpg 1024w, https:\/\/lareservedepierrevert.fr\/wp-content\/uploads\/2026\/03\/Gite-3-Salon-20260312-1-768x432.jpg 768w, https:\/\/lareservedepierrevert.fr\/wp-content\/uploads\/2026\/03\/Gite-3-Salon-20260312-1-1536x865.jpg 1536w, https:\/\/lareservedepierrevert.fr\/wp-content\/uploads\/2026\/03\/Gite-3-Salon-20260312-1-2048x1153.jpg 2048w\" sizes=\"auto, (max-width: 2560px) 100vw, 2560px\" \/><\/figure>\n<\/div>\n\n\n\n<div class=\"wp-block-column is-layout-flow wp-container-core-column-is-layout-119bc444 wp-block-column-is-layout-flow\" style=\"flex-basis:60%\">\n<div class=\"wp-block-columns is-layout-flex wp-container-core-columns-is-layout-87beb0d0 wp-block-columns-is-layout-flex\">\n<div class=\"wp-block-column is-layout-flow wp-block-column-is-layout-flow\">\n<figure class=\"wp-block-image size-large is-style-rounded is-style-rounded--3\"><img loading=\"lazy\" decoding=\"async\" width=\"1024\" height=\"577\" src=\"https:\/\/lareservedepierrevert.fr\/wp-content\/uploads\/2026\/03\/Gite-3-Salon-20260312-5-1024x577.jpg\" alt=\"\" class=\"wp-image-448\" style=\"aspect-ratio:16\/9;object-fit:cover\" srcset=\"https:\/\/lareservedepierrevert.fr\/wp-content\/uploads\/2026\/03\/Gite-3-Salon-20260312-5-1024x577.jpg 1024w, https:\/\/lareservedepierrevert.fr\/wp-content\/uploads\/2026\/03\/Gite-3-Salon-20260312-5-300x169.jpg 300w, https:\/\/lareservedepierrevert.fr\/wp-content\/uploads\/2026\/03\/Gite-3-Salon-20260312-5-768x432.jpg 768w, https:\/\/lareservedepierrevert.fr\/wp-content\/uploads\/2026\/03\/Gite-3-Salon-20260312-5-1536x865.jpg 1536w, https:\/\/lareservedepierrevert.fr\/wp-content\/uploads\/2026\/03\/Gite-3-Salon-20260312-5-2048x1153.jpg 2048w\" sizes=\"auto, (max-width: 1024px) 100vw, 1024px\" \/><\/figure>\n\n\n\n<figure class=\"wp-block-image size-large is-style-rounded is-style-rounded--4\"><img loading=\"lazy\" decoding=\"async\" width=\"1024\" height=\"577\" src=\"https:\/\/lareservedepierrevert.fr\/wp-content\/uploads\/2026\/03\/Gite-3-Repas-20260211-2-1024x577.jpg\" alt=\"\" class=\"wp-image-449\" srcset=\"https:\/\/lareservedepierrevert.fr\/wp-content\/uploads\/2026\/03\/Gite-3-Repas-20260211-2-1024x577.jpg 1024w, https:\/\/lareservedepierrevert.fr\/wp-content\/uploads\/2026\/03\/Gite-3-Repas-20260211-2-300x169.jpg 300w, https:\/\/lareservedepierrevert.fr\/wp-content\/uploads\/2026\/03\/Gite-3-Repas-20260211-2-768x432.jpg 768w, https:\/\/lareservedepierrevert.fr\/wp-content\/uploads\/2026\/03\/Gite-3-Repas-20260211-2-1536x865.jpg 1536w, https:\/\/lareservedepierrevert.fr\/wp-content\/uploads\/2026\/03\/Gite-3-Repas-20260211-2-2048x1153.jpg 2048w\" sizes=\"auto, (max-width: 1024px) 100vw, 1024px\" \/><\/figure>\n<\/div>\n<\/div>\n<\/div>\n<\/div>\n<\/div>\n\n\n\n<div class=\"wp-block-group alignfull has-accent-5-background-color has-background has-global-padding is-layout-constrained wp-container-core-group-is-layout-1131737d wp-block-group-is-layout-constrained\" style=\"margin-top:0;margin-bottom:0;padding-top:var(--wp--preset--spacing--20);padding-right:var(--wp--preset--spacing--20);padding-bottom:var(--wp--preset--spacing--20);padding-left:var(--wp--preset--spacing--20)\">\n<div class=\"wp-block-columns alignwide is-layout-flex wp-container-core-columns-is-layout-1da03c2a wp-block-columns-is-layout-flex\">\n<div class=\"wp-block-column is-layout-flow wp-block-column-is-layout-flow\" style=\"flex-basis:100%\">\n<h2 class=\"wp-block-heading\">La Cuisine<\/h2>\n\n\n\n<p>Enti\u00e8rement \u00e9quip\u00e9e, Lave vaisselle, lave linge, Frigidaire, cong\u00e9lateur, four, micro-onde, Cafeti\u00e8re Nespresso, Bouloire&#8230;<\/p>\n\n\n\n<figure class=\"wp-block-image size-full is-style-rounded is-style-rounded--5\"><img loading=\"lazy\" decoding=\"async\" width=\"2560\" height=\"1441\" src=\"https:\/\/lareservedepierrevert.fr\/wp-content\/uploads\/2026\/03\/Gite-3-Cuisine-20260312-3-scaled.jpg\" alt=\"\" class=\"wp-image-451\" style=\"aspect-ratio:16\/9;object-fit:contain\" srcset=\"https:\/\/lareservedepierrevert.fr\/wp-content\/uploads\/2026\/03\/Gite-3-Cuisine-20260312-3-scaled.jpg 2560w, https:\/\/lareservedepierrevert.fr\/wp-content\/uploads\/2026\/03\/Gite-3-Cuisine-20260312-3-300x169.jpg 300w, https:\/\/lareservedepierrevert.fr\/wp-content\/uploads\/2026\/03\/Gite-3-Cuisine-20260312-3-1024x577.jpg 1024w, https:\/\/lareservedepierrevert.fr\/wp-content\/uploads\/2026\/03\/Gite-3-Cuisine-20260312-3-768x432.jpg 768w, https:\/\/lareservedepierrevert.fr\/wp-content\/uploads\/2026\/03\/Gite-3-Cuisine-20260312-3-1536x865.jpg 1536w, https:\/\/lareservedepierrevert.fr\/wp-content\/uploads\/2026\/03\/Gite-3-Cuisine-20260312-3-2048x1153.jpg 2048w\" sizes=\"auto, (max-width: 2560px) 100vw, 2560px\" \/><\/figure>\n<\/div>\n\n\n\n<div class=\"wp-block-column is-vertically-aligned-center is-layout-flow wp-block-column-is-layout-flow\" style=\"flex-basis:100%\">\n<figure class=\"wp-block-image size-full is-style-rounded wp-duotone-unset-7 is-style-rounded--6\" style=\"margin-top:0;margin-bottom:0\"><img loading=\"lazy\" decoding=\"async\" width=\"2560\" height=\"1441\" src=\"https:\/\/lareservedepierrevert.fr\/wp-content\/uploads\/2026\/03\/Gite-3-Repas-20260312-2-scaled.jpg\" alt=\"\" class=\"wp-image-453\" srcset=\"https:\/\/lareservedepierrevert.fr\/wp-content\/uploads\/2026\/03\/Gite-3-Repas-20260312-2-scaled.jpg 2560w, https:\/\/lareservedepierrevert.fr\/wp-content\/uploads\/2026\/03\/Gite-3-Repas-20260312-2-300x169.jpg 300w, https:\/\/lareservedepierrevert.fr\/wp-content\/uploads\/2026\/03\/Gite-3-Repas-20260312-2-1024x577.jpg 1024w, https:\/\/lareservedepierrevert.fr\/wp-content\/uploads\/2026\/03\/Gite-3-Repas-20260312-2-768x432.jpg 768w, https:\/\/lareservedepierrevert.fr\/wp-content\/uploads\/2026\/03\/Gite-3-Repas-20260312-2-1536x865.jpg 1536w, https:\/\/lareservedepierrevert.fr\/wp-content\/uploads\/2026\/03\/Gite-3-Repas-20260312-2-2048x1153.jpg 2048w\" sizes=\"auto, (max-width: 2560px) 100vw, 2560px\" \/><\/figure>\n\n\n\n<h2 class=\"wp-block-heading\">L&rsquo;espace repas<\/h2>\n\n\n\n<p>Equip\u00e9 pour recevoir 4 personnes<\/p>\n<\/div>\n<\/div>\n<\/div>\n\n\n\n<div class=\"wp-block-group alignfull has-base-2-background-color has-background is-nowrap is-layout-flex wp-container-core-group-is-layout-b202a3ab wp-block-group-is-layout-flex\" style=\"margin-top:0;margin-bottom:0;padding-top:var(--wp--preset--spacing--30);padding-right:var(--wp--preset--spacing--10);padding-bottom:var(--wp--preset--spacing--30);padding-left:var(--wp--preset--spacing--10)\">\n<div class=\"wp-block-columns alignwide is-layout-flex wp-container-core-columns-is-layout-643ced6b wp-block-columns-is-layout-flex\">\n<div class=\"wp-block-column is-layout-flow wp-block-column-is-layout-flow\" style=\"flex-basis:100%\">\n<h2 class=\"wp-block-heading\">La 1\u00e8re Chambre<\/h2>\n\n\n\n<p>Avec salle de bain et toilette s\u00e9par\u00e9<\/p>\n\n\n\n<div class=\"wp-block-columns is-layout-flex wp-container-core-columns-is-layout-28f84493 wp-block-columns-is-layout-flex\">\n<div class=\"wp-block-column is-layout-flow wp-block-column-is-layout-flow\" style=\"flex-basis:100%\">\n<figure class=\"wp-block-gallery has-nested-images columns-default is-cropped wp-block-gallery-10 is-layout-flex wp-block-gallery-is-layout-flex\">\n<figure class=\"wp-block-image size-large is-style-rounded is-style-rounded--8\"><img loading=\"lazy\" decoding=\"async\" width=\"577\" height=\"1024\" data-id=\"458\" src=\"https:\/\/lareservedepierrevert.fr\/wp-content\/uploads\/2026\/03\/Gite-3-CH1-20260209-4-577x1024.jpg\" alt=\"\" class=\"wp-image-458\" srcset=\"https:\/\/lareservedepierrevert.fr\/wp-content\/uploads\/2026\/03\/Gite-3-CH1-20260209-4-577x1024.jpg 577w, https:\/\/lareservedepierrevert.fr\/wp-content\/uploads\/2026\/03\/Gite-3-CH1-20260209-4-169x300.jpg 169w, https:\/\/lareservedepierrevert.fr\/wp-content\/uploads\/2026\/03\/Gite-3-CH1-20260209-4-768x1364.jpg 768w, https:\/\/lareservedepierrevert.fr\/wp-content\/uploads\/2026\/03\/Gite-3-CH1-20260209-4-865x1536.jpg 865w, https:\/\/lareservedepierrevert.fr\/wp-content\/uploads\/2026\/03\/Gite-3-CH1-20260209-4-1153x2048.jpg 1153w, https:\/\/lareservedepierrevert.fr\/wp-content\/uploads\/2026\/03\/Gite-3-CH1-20260209-4-scaled.jpg 1441w\" sizes=\"auto, (max-width: 577px) 100vw, 577px\" \/><\/figure>\n\n\n\n<figure class=\"wp-block-image size-large is-style-rounded is-style-rounded--9\"><img loading=\"lazy\" decoding=\"async\" width=\"577\" height=\"1024\" data-id=\"456\" src=\"https:\/\/lareservedepierrevert.fr\/wp-content\/uploads\/2026\/03\/Gite-3-CH1-SDB-20260209-11-577x1024.jpg\" alt=\"\" class=\"wp-image-456\" srcset=\"https:\/\/lareservedepierrevert.fr\/wp-content\/uploads\/2026\/03\/Gite-3-CH1-SDB-20260209-11-577x1024.jpg 577w, https:\/\/lareservedepierrevert.fr\/wp-content\/uploads\/2026\/03\/Gite-3-CH1-SDB-20260209-11-169x300.jpg 169w, https:\/\/lareservedepierrevert.fr\/wp-content\/uploads\/2026\/03\/Gite-3-CH1-SDB-20260209-11-768x1364.jpg 768w, https:\/\/lareservedepierrevert.fr\/wp-content\/uploads\/2026\/03\/Gite-3-CH1-SDB-20260209-11-865x1536.jpg 865w, https:\/\/lareservedepierrevert.fr\/wp-content\/uploads\/2026\/03\/Gite-3-CH1-SDB-20260209-11-1153x2048.jpg 1153w, https:\/\/lareservedepierrevert.fr\/wp-content\/uploads\/2026\/03\/Gite-3-CH1-SDB-20260209-11-scaled.jpg 1441w\" sizes=\"auto, (max-width: 577px) 100vw, 577px\" \/><\/figure>\n<\/figure>\n<\/div>\n<\/div>\n<\/div>\n\n\n\n<div class=\"wp-block-column is-vertically-aligned-center is-layout-flow wp-container-core-column-is-layout-faa773a9 wp-block-column-is-layout-flow\" style=\"padding-top:0;padding-right:0;padding-bottom:0;padding-left:0;flex-basis:140%\">\n<div class=\"wp-block-group is-nowrap is-layout-flex wp-container-core-group-is-layout-6c531013 wp-block-group-is-layout-flex\">\n<figure class=\"wp-block-gallery has-nested-images columns-default is-cropped wp-block-gallery-13 is-layout-flex wp-block-gallery-is-layout-flex\">\n<figure class=\"wp-block-image size-full is-style-rounded wp-container-content-9cfa9a5a wp-duotone-unset-12 is-style-rounded--11\" style=\"margin-top:0;margin-bottom:0\"><img loading=\"lazy\" decoding=\"async\" width=\"2560\" height=\"1920\" data-id=\"455\" src=\"https:\/\/lareservedepierrevert.fr\/wp-content\/uploads\/2026\/03\/Gite-3-CH1-20260209-1-scaled.jpg\" alt=\"\" class=\"wp-image-455\" srcset=\"https:\/\/lareservedepierrevert.fr\/wp-content\/uploads\/2026\/03\/Gite-3-CH1-20260209-1-scaled.jpg 2560w, https:\/\/lareservedepierrevert.fr\/wp-content\/uploads\/2026\/03\/Gite-3-CH1-20260209-1-300x225.jpg 300w, https:\/\/lareservedepierrevert.fr\/wp-content\/uploads\/2026\/03\/Gite-3-CH1-20260209-1-1024x768.jpg 1024w, https:\/\/lareservedepierrevert.fr\/wp-content\/uploads\/2026\/03\/Gite-3-CH1-20260209-1-768x576.jpg 768w, https:\/\/lareservedepierrevert.fr\/wp-content\/uploads\/2026\/03\/Gite-3-CH1-20260209-1-1536x1152.jpg 1536w, https:\/\/lareservedepierrevert.fr\/wp-content\/uploads\/2026\/03\/Gite-3-CH1-20260209-1-2048x1536.jpg 2048w\" sizes=\"auto, (max-width: 2560px) 100vw, 2560px\" \/><\/figure>\n<\/figure>\n<\/div>\n<\/div>\n<\/div>\n<\/div>\n\n\n\n<div class=\"wp-block-group alignfull has-accent-background-color has-background has-global-padding is-layout-constrained wp-container-core-group-is-layout-1745ef46 wp-block-group-is-layout-constrained\" style=\"margin-top:0;margin-bottom:0;padding-top:var(--wp--preset--spacing--40);padding-right:var(--wp--preset--spacing--10);padding-bottom:var(--wp--preset--spacing--40);padding-left:var(--wp--preset--spacing--10)\">\n<div class=\"wp-block-columns alignwide is-layout-flex wp-container-core-columns-is-layout-1da03c2a wp-block-columns-is-layout-flex\">\n<div class=\"wp-block-column is-layout-flow wp-block-column-is-layout-flow\" style=\"flex-basis:60%\">\n<h2 class=\"wp-block-heading\">La 2\u00e8me Chambre<\/h2>\n\n\n\n<p>Avec  salle de bain et toilette s\u00e9par\u00e9<\/p>\n\n\n\n<figure class=\"wp-block-gallery has-nested-images columns-default is-cropped wp-block-gallery-15 is-layout-flex wp-block-gallery-is-layout-flex\">\n<figure class=\"wp-block-image size-large is-style-rounded is-style-rounded--14\"><img loading=\"lazy\" decoding=\"async\" width=\"1024\" height=\"577\" data-id=\"459\" src=\"https:\/\/lareservedepierrevert.fr\/wp-content\/uploads\/2026\/03\/Gite-3-CH2-20260211-8-1024x577.jpg\" alt=\"\" class=\"wp-image-459\" srcset=\"https:\/\/lareservedepierrevert.fr\/wp-content\/uploads\/2026\/03\/Gite-3-CH2-20260211-8-1024x577.jpg 1024w, https:\/\/lareservedepierrevert.fr\/wp-content\/uploads\/2026\/03\/Gite-3-CH2-20260211-8-300x169.jpg 300w, https:\/\/lareservedepierrevert.fr\/wp-content\/uploads\/2026\/03\/Gite-3-CH2-20260211-8-768x432.jpg 768w, https:\/\/lareservedepierrevert.fr\/wp-content\/uploads\/2026\/03\/Gite-3-CH2-20260211-8-1536x865.jpg 1536w, https:\/\/lareservedepierrevert.fr\/wp-content\/uploads\/2026\/03\/Gite-3-CH2-20260211-8-2048x1153.jpg 2048w\" sizes=\"auto, (max-width: 1024px) 100vw, 1024px\" \/><\/figure>\n<\/figure>\n<\/div>\n\n\n\n<div class=\"wp-block-column is-vertically-aligned-center is-layout-flow wp-block-column-is-layout-flow\" style=\"flex-basis:40%\">\n<div class=\"wp-block-group is-nowrap is-layout-flex wp-container-core-group-is-layout-6c531013 wp-block-group-is-layout-flex\">\n<figure class=\"wp-block-image size-large is-style-rounded is-style-rounded--16\"><img loading=\"lazy\" decoding=\"async\" width=\"577\" height=\"1024\" src=\"https:\/\/lareservedepierrevert.fr\/wp-content\/uploads\/2026\/03\/Gite-3-CH2-SDB-20260312-2-577x1024.jpg\" alt=\"\" class=\"wp-image-460\" srcset=\"https:\/\/lareservedepierrevert.fr\/wp-content\/uploads\/2026\/03\/Gite-3-CH2-SDB-20260312-2-577x1024.jpg 577w, https:\/\/lareservedepierrevert.fr\/wp-content\/uploads\/2026\/03\/Gite-3-CH2-SDB-20260312-2-169x300.jpg 169w, https:\/\/lareservedepierrevert.fr\/wp-content\/uploads\/2026\/03\/Gite-3-CH2-SDB-20260312-2-768x1364.jpg 768w, https:\/\/lareservedepierrevert.fr\/wp-content\/uploads\/2026\/03\/Gite-3-CH2-SDB-20260312-2-865x1536.jpg 865w, https:\/\/lareservedepierrevert.fr\/wp-content\/uploads\/2026\/03\/Gite-3-CH2-SDB-20260312-2-1153x2048.jpg 1153w, https:\/\/lareservedepierrevert.fr\/wp-content\/uploads\/2026\/03\/Gite-3-CH2-SDB-20260312-2-scaled.jpg 1441w\" sizes=\"auto, (max-width: 577px) 100vw, 577px\" \/><\/figure>\n\n\n\n<figure class=\"wp-block-image size-large is-style-rounded is-style-rounded--17\"><img loading=\"lazy\" decoding=\"async\" width=\"577\" height=\"1024\" src=\"https:\/\/lareservedepierrevert.fr\/wp-content\/uploads\/2026\/03\/Gite-3-CH2-20260211-11-577x1024.jpg\" alt=\"\" class=\"wp-image-461\" srcset=\"https:\/\/lareservedepierrevert.fr\/wp-content\/uploads\/2026\/03\/Gite-3-CH2-20260211-11-577x1024.jpg 577w, https:\/\/lareservedepierrevert.fr\/wp-content\/uploads\/2026\/03\/Gite-3-CH2-20260211-11-169x300.jpg 169w, https:\/\/lareservedepierrevert.fr\/wp-content\/uploads\/2026\/03\/Gite-3-CH2-20260211-11-768x1364.jpg 768w, https:\/\/lareservedepierrevert.fr\/wp-content\/uploads\/2026\/03\/Gite-3-CH2-20260211-11-865x1536.jpg 865w, https:\/\/lareservedepierrevert.fr\/wp-content\/uploads\/2026\/03\/Gite-3-CH2-20260211-11-1153x2048.jpg 1153w, https:\/\/lareservedepierrevert.fr\/wp-content\/uploads\/2026\/03\/Gite-3-CH2-20260211-11-scaled.jpg 1441w\" sizes=\"auto, (max-width: 577px) 100vw, 577px\" \/><\/figure>\n<\/div>\n<\/div>\n<\/div>\n<\/div>\n\n\n\n<div class=\"wp-block-group alignfull has-base-background-color has-background is-content-justification-space-between is-layout-flex wp-container-core-group-is-layout-734019e1 wp-block-group-is-layout-flex\" style=\"margin-top:0;margin-bottom:0;padding-top:var(--wp--preset--spacing--30);padding-right:var(--wp--preset--spacing--10);padding-bottom:var(--wp--preset--spacing--30);padding-left:var(--wp--preset--spacing--10)\">\n<div class=\"wp-block-columns alignwide is-layout-flex wp-container-core-columns-is-layout-7e4bf910 wp-block-columns-is-layout-flex\" style=\"padding-right:var(--wp--preset--spacing--10);padding-left:var(--wp--preset--spacing--10)\">\n<div class=\"wp-block-column is-vertically-aligned-center has-global-padding is-content-justification-center is-layout-constrained wp-container-core-column-is-layout-ded68109 wp-block-column-is-layout-constrained\" style=\"flex-basis:100%\">\n<div class=\"wp-block-group has-global-padding is-layout-constrained wp-block-group-is-layout-constrained\">\n<h2 class=\"wp-block-heading\">L&rsquo;ext\u00e9rieur<\/h2>\n\n\n\n<p>Terrain de 550m\u00b2 cl\u00f4tur\u00e9, id\u00e9al pour les animaux de compagnie, d&rsquo;un terrain de boule, d&rsquo;une grande cours&#8230;<\/p>\n\n\n\n<p>Terrasse \u00e9quip\u00e9 d&rsquo;un coin salon avec un bras z\u00e9ro, d&rsquo;un coin repas sous une tonnelle bioclimatique \u00e9clair\u00e9e et d&rsquo;une piscine-jacuzzi chauff\u00e9e.<\/p>\n\n\n\n<figure class=\"wp-block-image size-large is-style-rounded is-style-rounded--18\"><img loading=\"lazy\" decoding=\"async\" width=\"1024\" height=\"577\" src=\"https:\/\/lareservedepierrevert.fr\/wp-content\/uploads\/2026\/03\/Gite-3-Exterieur-20260211-9-1024x577.jpg\" alt=\"\" class=\"wp-image-462\" style=\"aspect-ratio:16\/9;object-fit:cover\" srcset=\"https:\/\/lareservedepierrevert.fr\/wp-content\/uploads\/2026\/03\/Gite-3-Exterieur-20260211-9-1024x577.jpg 1024w, https:\/\/lareservedepierrevert.fr\/wp-content\/uploads\/2026\/03\/Gite-3-Exterieur-20260211-9-300x169.jpg 300w, https:\/\/lareservedepierrevert.fr\/wp-content\/uploads\/2026\/03\/Gite-3-Exterieur-20260211-9-768x432.jpg 768w, https:\/\/lareservedepierrevert.fr\/wp-content\/uploads\/2026\/03\/Gite-3-Exterieur-20260211-9-1536x865.jpg 1536w, https:\/\/lareservedepierrevert.fr\/wp-content\/uploads\/2026\/03\/Gite-3-Exterieur-20260211-9-2048x1153.jpg 2048w\" sizes=\"auto, (max-width: 1024px) 100vw, 1024px\" \/><\/figure>\n<\/div>\n<\/div>\n\n\n\n<div class=\"wp-block-column is-layout-flow wp-container-core-column-is-layout-119bc444 wp-block-column-is-layout-flow\" style=\"flex-basis:100%\">\n<figure class=\"wp-block-image size-large is-style-rounded is-style-rounded--19\"><img loading=\"lazy\" decoding=\"async\" width=\"1024\" height=\"577\" src=\"https:\/\/lareservedepierrevert.fr\/wp-content\/uploads\/2026\/03\/Gite-3-Exterieur-20260212-3-1024x577.jpg\" alt=\"\" class=\"wp-image-463\" srcset=\"https:\/\/lareservedepierrevert.fr\/wp-content\/uploads\/2026\/03\/Gite-3-Exterieur-20260212-3-1024x577.jpg 1024w, https:\/\/lareservedepierrevert.fr\/wp-content\/uploads\/2026\/03\/Gite-3-Exterieur-20260212-3-300x169.jpg 300w, https:\/\/lareservedepierrevert.fr\/wp-content\/uploads\/2026\/03\/Gite-3-Exterieur-20260212-3-768x432.jpg 768w, https:\/\/lareservedepierrevert.fr\/wp-content\/uploads\/2026\/03\/Gite-3-Exterieur-20260212-3-1536x865.jpg 1536w, https:\/\/lareservedepierrevert.fr\/wp-content\/uploads\/2026\/03\/Gite-3-Exterieur-20260212-3-2048x1153.jpg 2048w\" sizes=\"auto, (max-width: 1024px) 100vw, 1024px\" \/><\/figure>\n\n\n\n<div class=\"wp-block-columns is-layout-flex wp-container-core-columns-is-layout-87beb0d0 wp-block-columns-is-layout-flex\">\n<div class=\"wp-block-column is-layout-flow wp-block-column-is-layout-flow\">\n<figure class=\"wp-block-image size-large is-style-rounded is-style-rounded--20\"><img loading=\"lazy\" decoding=\"async\" width=\"1024\" height=\"577\" src=\"https:\/\/lareservedepierrevert.fr\/wp-content\/uploads\/2026\/03\/Gite-3-Exterieur-20260212-5-1024x577.jpg\" alt=\"\" class=\"wp-image-464\" srcset=\"https:\/\/lareservedepierrevert.fr\/wp-content\/uploads\/2026\/03\/Gite-3-Exterieur-20260212-5-1024x577.jpg 1024w, https:\/\/lareservedepierrevert.fr\/wp-content\/uploads\/2026\/03\/Gite-3-Exterieur-20260212-5-300x169.jpg 300w, https:\/\/lareservedepierrevert.fr\/wp-content\/uploads\/2026\/03\/Gite-3-Exterieur-20260212-5-768x432.jpg 768w, https:\/\/lareservedepierrevert.fr\/wp-content\/uploads\/2026\/03\/Gite-3-Exterieur-20260212-5-1536x865.jpg 1536w, https:\/\/lareservedepierrevert.fr\/wp-content\/uploads\/2026\/03\/Gite-3-Exterieur-20260212-5-2048x1153.jpg 2048w\" sizes=\"auto, (max-width: 1024px) 100vw, 1024px\" \/><\/figure>\n<\/div>\n<\/div>\n<\/div>\n<\/div>\n<\/div>\n","protected":false},"excerpt":{"rendered":"<p>Nich\u00e9 au c\u0153ur du Domaine de la R\u00e9serve, g\u00eete r\u00e9nov\u00e9 d\u2019exception vous accueille dans un cadre authentique et pr\u00e9serv\u00e9, Le domaine se compose de trois autres g\u00eetes, d\u2019une maison principale, de deux piscines et d\u2019un Parc. Vous profiterez d\u2019un espace ext\u00e9rieur privatif de 550 m\u00b2 cl\u00f4tur\u00e9, d\u2019une piscine partag\u00e9e avec 3 g\u00eetes du domaine, offre [&hellip;]<\/p>\n","protected":false},"author":1,"featured_media":446,"parent":0,"menu_order":0,"comment_status":"closed","ping_status":"closed","template":"","meta":{"footnotes":""},"class_list":["post-445","page","type-page","status-publish","has-post-thumbnail","hentry"],"_links":{"self":[{"href":"https:\/\/lareservedepierrevert.fr\/index.php\/wp-json\/wp\/v2\/pages\/445","targetHints":{"allow":["GET"]}}],"collection":[{"href":"https:\/\/lareservedepierrevert.fr\/index.php\/wp-json\/wp\/v2\/pages"}],"about":[{"href":"https:\/\/lareservedepierrevert.fr\/index.php\/wp-json\/wp\/v2\/types\/page"}],"author":[{"embeddable":true,"href":"https:\/\/lareservedepierrevert.fr\/index.php\/wp-json\/wp\/v2\/users\/1"}],"replies":[{"embeddable":true,"href":"https:\/\/lareservedepierrevert.fr\/index.php\/wp-json\/wp\/v2\/comments?post=445"}],"version-history":[{"count":6,"href":"https:\/\/lareservedepierrevert.fr\/index.php\/wp-json\/wp\/v2\/pages\/445\/revisions"}],"predecessor-version":[{"id":466,"href":"https:\/\/lareservedepierrevert.fr\/index.php\/wp-json\/wp\/v2\/pages\/445\/revisions\/466"}],"wp:featuredmedia":[{"embeddable":true,"href":"https:\/\/lareservedepierrevert.fr\/index.php\/wp-json\/wp\/v2\/media\/446"}],"wp:attachment":[{"href":"https:\/\/lareservedepierrevert.fr\/index.php\/wp-json\/wp\/v2\/media?parent=445"}],"curies":[{"name":"wp","href":"https:\/\/api.w.org\/{rel}","templated":true}]}}